{"id":28805,"date":"2024-01-09T11:33:29","date_gmt":"2024-01-09T10:33:29","guid":{"rendered":"https:\/\/delvy.es\/?page_id=28805"},"modified":"2024-04-17T10:31:11","modified_gmt":"2024-04-17T09:31:11","slug":"dpo-andorre","status":"publish","type":"page","link":"https:\/\/delvy.es\/fr\/dpo-andorre\/","title":{"rendered":"D\u00c9L\u00c9GU\u00c9 \u00c0 LA PROTECTION DES DONN\u00c9ES EN ANDORRE (DPD \/ DPO)"},"content":{"rendered":"\t\t<div data-elementor-type=\"wp-page\" data-elementor-id=\"28805\" class=\"elementor elementor-28805\" data-elementor-settings=\"{&quot;element_pack_global_tooltip_width&quot;:{&quot;unit&quot;:&quot;px&quot;,&quot;size&quot;:&quot;&quot;,&quot;sizes&quot;:[]},&quot;element_pack_global_tooltip_width_tablet&quot;:{&quot;unit&quot;:&quot;px&quot;,&quot;size&quot;:&quot;&quot;,&quot;sizes&quot;:[]},&quot;element_pack_global_tooltip_width_mobile&quot;:{&quot;unit&quot;:&quot;px&quot;,&quot;size&quot;:&quot;&quot;,&quot;sizes&quot;:[]},&quot;element_pack_global_tooltip_padding&quot;:{&quot;unit&quot;:&quot;px&quot;,&quot;top&quot;:&quot;&quot;,&quot;right&quot;:&quot;&quot;,&quot;bottom&quot;:&quot;&quot;,&quot;left&quot;:&quot;&quot;,&quot;isLinked&quot;:true},&quot;element_pack_global_tooltip_padding_tablet&quot;:{&quot;unit&quot;:&quot;px&quot;,&quot;top&quot;:&quot;&quot;,&quot;right&quot;:&quot;&quot;,&quot;bottom&quot;:&quot;&quot;,&quot;left&quot;:&quot;&quot;,&quot;isLinked&quot;:true},&quot;element_pack_global_tooltip_padding_mobile&quot;:{&quot;unit&quot;:&quot;px&quot;,&quot;top&quot;:&quot;&quot;,&quot;right&quot;:&quot;&quot;,&quot;bottom&quot;:&quot;&quot;,&quot;left&quot;:&quot;&quot;,&quot;isLinked&quot;:true},&quot;element_pack_global_tooltip_border_radius&quot;:{&quot;unit&quot;:&quot;px&quot;,&quot;top&quot;:&quot;&quot;,&quot;right&quot;:&quot;&quot;,&quot;bottom&quot;:&quot;&quot;,&quot;left&quot;:&quot;&quot;,&quot;isLinked&quot;:true},&quot;element_pack_global_tooltip_border_radius_tablet&quot;:{&quot;unit&quot;:&quot;px&quot;,&quot;top&quot;:&quot;&quot;,&quot;right&quot;:&quot;&quot;,&quot;bottom&quot;:&quot;&quot;,&quot;left&quot;:&quot;&quot;,&quot;isLinked&quot;:true},&quot;element_pack_global_tooltip_border_radius_mobile&quot;:{&quot;unit&quot;:&quot;px&quot;,&quot;top&quot;:&quot;&quot;,&quot;right&quot;:&quot;&quot;,&quot;bottom&quot;:&quot;&quot;,&quot;left&quot;:&quot;&quot;,&quot;isLinked&quot;:true}}\" data-elementor-post-type=\"page\">\n\t\t\t\t\t\t<main class=\"elementor-section elementor-top-section elementor-element elementor-element-26bd7a33 elementor-section-full_width elementor-section-stretched elementor-section-height-default elementor-section-height-default\" data-id=\"26bd7a33\" data-element_type=\"section\" data-e-type=\"section\" data-settings=\"{&quot;stretch_section&quot;:&quot;section-stretched&quot;,&quot;background_background&quot;:&quot;classic&quot;}\">\n\t\t\t\t\t\t\t<div class=\"elementor-background-overlay\"><\/div>\n\t\t\t\t\t\t\t<div class=\"elementor-container elementor-column-gap-default\">\n\t\t\t\t\t<div class=\"elementor-column elementor-col-100 elementor-top-column elementor-element elementor-element-2d7909f8\" data-id=\"2d7909f8\" data-element_type=\"column\" data-e-type=\"column\">\n\t\t\t<div class=\"elementor-widget-wrap elementor-element-populated\">\n\t\t\t\t\t\t<div class=\"elementor-element elementor-element-54bb9b9c elementor-widget elementor-widget-heading\" data-id=\"54bb9b9c\" data-element_type=\"widget\" data-e-type=\"widget\" data-widget_type=\"heading.default\">\n\t\t\t\t<div class=\"elementor-widget-container\">\n\t\t\t\t\t<h1 class=\"elementor-heading-title elementor-size-default\">D\u00c9L\u00c9GU\u00c9 \u00c0 LA PROTECTION DES DONN\u00c9ES EN ANDORRE (DPD \/ DPO)<\/h1>\t\t\t\t<\/div>\n\t\t\t\t<\/div>\n\t\t\t\t\t<\/div>\n\t\t<\/div>\n\t\t\t\t\t<\/div>\n\t\t<\/main>\n\t\t\t\t<section class=\"elementor-section elementor-top-section elementor-element elementor-element-356365cd elementor-section-boxed elementor-section-height-default elementor-section-height-default\" data-id=\"356365cd\" data-element_type=\"section\" data-e-type=\"section\">\n\t\t\t\t\t\t<div class=\"elementor-container elementor-column-gap-default\">\n\t\t\t\t\t<div class=\"elementor-column elementor-col-50 elementor-top-column elementor-element elementor-element-47351222\" data-id=\"47351222\" data-element_type=\"column\" data-e-type=\"column\">\n\t\t\t<div class=\"elementor-widget-wrap elementor-element-populated\">\n\t\t\t\t\t\t<div class=\"elementor-element elementor-element-1705a912 elementor-widget elementor-widget-text-editor\" data-id=\"1705a912\" data-element_type=\"widget\" data-e-type=\"widget\" data-widget_type=\"text-editor.default\">\n\t\t\t\t<div class=\"elementor-widget-container\">\n\t\t\t\t\t\t\t\t\t<h2>Protection des donn\u00e9es : Votre tranquillit\u00e9, notre sp\u00e9cialit\u00e9<\/h2><h3>Qu&rsquo;est-ce qu&rsquo;un d\u00e9l\u00e9gu\u00e9 \u00e0 la protection des donn\u00e9es et pourquoi est-il important pour votre entreprise?<\/h3><p>Le d\u00e9l\u00e9gu\u00e9 \u00e0 la protection des donn\u00e9es (DPO ou DPD) est essentiel pour garantir la s\u00e9curit\u00e9 de votre entreprise dans le monde num\u00e9rique d&rsquo;aujourd&rsquo;hui. Dans notre cabinet, nous sommes sp\u00e9cialis\u00e9s dans la fourniture d&rsquo;un service complet de conseil en mati\u00e8re de protection des donn\u00e9es, avec un accent particulier sur la figure du DPD.<\/p><h3>Notre \u00e9quipe d\u2019avocats experts, votre DPO personnalis\u00e9<\/h3><p>Dans notre cabinet, nous disposons d&rsquo;une \u00e9quipe d&rsquo;avocats hautement qualifi\u00e9s et sp\u00e9cialis\u00e9s dans la protection des donn\u00e9es. Nous nous chargeons d\u2019\u00eatre votre D\u00e9l\u00e9gu\u00e9 \u00e0 la Protection des Donn\u00e9es, en vous apportant un service personnalis\u00e9 adapt\u00e9 aux besoins sp\u00e9cifiques de votre entreprise.<\/p><h3>Avantages de nous choisir comme partenaire de protection des donn\u00e9es en Andorre<\/h3><ul><li aria-level=\"1\"><b>Conformit\u00e9 r\u00e9glementaire sans souci: <\/b>Nous maintenons \u00e0 jour notre connaissance de la l\u00e9gislation sur la protection des donn\u00e9es et vous guidons \u00e0 chaque \u00e9tape pour garantir la conformit\u00e9 r\u00e9glementaire \u00e0 tout moment.<\/li><\/ul><ul><li aria-level=\"1\"><b>Identification et att\u00e9nuation des risques: <\/b>Nous effectuons une \u00e9valuation approfondie des risques associ\u00e9s au traitement des donn\u00e9es dans votre entreprise, identifiant les lacunes possibles et proposant des solutions pour minimiser toute exposition.<\/li><\/ul><ul><li aria-level=\"1\"><b>Des solutions personnalis\u00e9es pour vous: <\/b>Nous reconnaissons que chaque entreprise est unique, nous adaptons donc nos strat\u00e9gies et recommandations \u00e0 vos besoins sp\u00e9cifiques. Il n\u2019existe pas de solution standard, mais plut\u00f4t une solution personnalis\u00e9e pour vous.<\/li><\/ul><ul><li aria-level=\"1\"><b>Confidentialit\u00e9 absolue: <\/b>La vie priv\u00e9e et la confidentialit\u00e9 sont notre priorit\u00e9. Nous travaillons de mani\u00e8re discr\u00e8te et s\u00e9curis\u00e9e pour prot\u00e9ger vos donn\u00e9es et celles de vos clients.<\/li><\/ul><ul><li aria-level=\"1\"><b>R\u00e9duction des risques et des amendes: <\/b>En maintenant une conformit\u00e9 ad\u00e9quate, vous r\u00e9duirez les risques juridiques et les \u00e9ventuelles amendes li\u00e9s au non-respect de la r\u00e9glementation sur la protection des donn\u00e9es.<\/li><\/ul><h3>Faites confiance \u00e0 notre bureau pour prot\u00e9ger vos informations et votre entreprise via un DPO ou DPD en Andorre<\/h3><p>Dans notre cabinet d&rsquo;avocats en Andorre, nous comprenons l&rsquo;importance de la protection des donn\u00e9es pour le succ\u00e8s de votre entreprise. Faites-nous confiance pour \u00eatre votre d\u00e9l\u00e9gu\u00e9 \u00e0 la protection des donn\u00e9es et garantissez la s\u00e9curit\u00e9 et la tranquillit\u00e9 d&rsquo;esprit dont vous avez besoin dans l&rsquo;environnement num\u00e9rique actuel.<\/p>\t\t\t\t\t\t\t\t<\/div>\n\t\t\t\t<\/div>\n\t\t\t\t\t<\/div>\n\t\t<\/div>\n\t\t\t\t<div class=\"elementor-column elementor-col-50 elementor-top-column elementor-element elementor-element-7ab4b746\" data-id=\"7ab4b746\" data-element_type=\"column\" data-e-type=\"column\">\n\t\t\t<div class=\"elementor-widget-wrap elementor-element-populated\">\n\t\t\t\t\t\t<section class=\"elementor-section elementor-inner-section elementor-element elementor-element-76dc23f1 elementor-section-boxed elementor-section-height-default elementor-section-height-default\" data-id=\"76dc23f1\" data-element_type=\"section\" data-e-type=\"section\" data-settings=\"{&quot;background_background&quot;:&quot;classic&quot;}\">\n\t\t\t\t\t\t<div class=\"elementor-container elementor-column-gap-default\">\n\t\t\t\t\t<div class=\"elementor-column elementor-col-100 elementor-inner-column elementor-element elementor-element-4f6696c7\" data-id=\"4f6696c7\" data-element_type=\"column\" data-e-type=\"column\">\n\t\t\t<div class=\"elementor-widget-wrap elementor-element-populated\">\n\t\t\t\t\t\t<div class=\"elementor-element elementor-element-30424021 elementor-widget elementor-widget-text-editor\" data-id=\"30424021\" data-element_type=\"widget\" data-e-type=\"widget\" data-widget_type=\"text-editor.default\">\n\t\t\t\t<div class=\"elementor-widget-container\">\n\t\t\t\t\t\t\t\t\t<h2 style=\"text-align: center;\"><span style=\"color: #ffffff;\">APPELEZ-NOUS<\/span><\/h2><h3 style=\"text-align: center;\"><span style=\"color: #ffffff;\">+376 865 282<\/span><\/h3>\t\t\t\t\t\t\t\t<\/div>\n\t\t\t\t<\/div>\n\t\t\t\t<div class=\"elementor-element elementor-element-4216595d elementor-widget elementor-widget-heading\" data-id=\"4216595d\" data-element_type=\"widget\" data-e-type=\"widget\" data-widget_type=\"heading.default\">\n\t\t\t\t<div class=\"elementor-widget-container\">\n\t\t\t\t\t<h3 class=\"elementor-heading-title elementor-size-default\">OU UTILISEZ NOTRE FORMULAIRE DE CONTACT<\/h3>\t\t\t\t<\/div>\n\t\t\t\t<\/div>\n\t\t\t\t<div class=\"elementor-element elementor-element-49e2adb9 elementor-button-align-stretch elementor-widget elementor-widget-global elementor-global-26202 elementor-widget-form\" data-id=\"49e2adb9\" data-element_type=\"widget\" data-e-type=\"widget\" data-settings=\"{&quot;step_next_label&quot;:&quot;Next&quot;,&quot;step_previous_label&quot;:&quot;Previous&quot;,&quot;button_width&quot;:&quot;100&quot;,&quot;step_type&quot;:&quot;number_text&quot;,&quot;step_icon_shape&quot;:&quot;circle&quot;}\" data-widget_type=\"form.default\">\n\t\t\t\t<div class=\"elementor-widget-container\">\n\t\t\t\t\t\t\t<form class=\"elementor-form\" method=\"post\" name=\"New Form\" aria-label=\"New Form\">\n\t\t\t<input type=\"hidden\" name=\"post_id\" value=\"28805\"\/>\n\t\t\t<input type=\"hidden\" name=\"form_id\" value=\"49e2adb9\"\/>\n\t\t\t<input type=\"hidden\" name=\"referer_title\" value=\"Delvy\" \/>\n\n\t\t\t\n\t\t\t<div class=\"elementor-form-fields-wrapper elementor-labels-\">\n\t\t\t\t\t\t\t\t<div class=\"elementor-field-type-text elementor-field-group elementor-column elementor-field-group-name elementor-col-100\">\n\t\t\t\t\t\t\t\t\t\t\t\t<label for=\"form-field-name\" class=\"elementor-field-label elementor-screen-only\">\n\t\t\t\t\t\t\t\tNombre\t\t\t\t\t\t\t<\/label>\n\t\t\t\t\t\t\t\t\t\t\t\t\t\t<input size=\"1\" type=\"text\" name=\"form_fields[name]\" id=\"form-field-name\" class=\"elementor-field elementor-size-sm  elementor-field-textual\" placeholder=\"Nom\">\n\t\t\t\t\t\t\t\t\t\t\t<\/div>\n\t\t\t\t\t\t\t\t<div class=\"elementor-field-type-email elementor-field-group elementor-column elementor-field-group-field_1 elementor-col-100 elementor-field-required\">\n\t\t\t\t\t\t\t\t\t\t\t\t<label for=\"form-field-field_1\" class=\"elementor-field-label elementor-screen-only\">\n\t\t\t\t\t\t\t\tEmail\t\t\t\t\t\t\t<\/label>\n\t\t\t\t\t\t\t\t\t\t\t\t\t\t<input size=\"1\" type=\"email\" name=\"form_fields[field_1]\" id=\"form-field-field_1\" class=\"elementor-field elementor-size-sm  elementor-field-textual\" placeholder=\"Email\" required=\"required\">\n\t\t\t\t\t\t\t\t\t\t\t<\/div>\n\t\t\t\t\t\t\t\t<div class=\"elementor-field-type-tel elementor-field-group elementor-column elementor-field-group-email elementor-col-100 elementor-field-required\">\n\t\t\t\t\t\t\t\t\t\t\t\t<label for=\"form-field-email\" class=\"elementor-field-label elementor-screen-only\">\n\t\t\t\t\t\t\t\tTel\u00e9fono\t\t\t\t\t\t\t<\/label>\n\t\t\t\t\t\t\t\t<input size=\"1\" type=\"tel\" name=\"form_fields[email]\" id=\"form-field-email\" class=\"elementor-field elementor-size-sm  elementor-field-textual\" placeholder=\"T\u00e9l\u00e9phone\" required=\"required\" pattern=\"[0-9()#&amp;+*-=.]+\" title=\"Seuls les caract\u00e8res de num\u00e9ros de t\u00e9l\u00e9phone (#, -, *, etc.) sont accept\u00e9s.\">\n\n\t\t\t\t\t\t<\/div>\n\t\t\t\t\t\t\t\t<div class=\"elementor-field-type-textarea elementor-field-group elementor-column elementor-field-group-field_2 elementor-col-100 elementor-field-required\">\n\t\t\t\t\t\t\t\t\t\t\t\t<label for=\"form-field-field_2\" class=\"elementor-field-label elementor-screen-only\">\n\t\t\t\t\t\t\t\tMensaje\t\t\t\t\t\t\t<\/label>\n\t\t\t\t\t\t<textarea class=\"elementor-field-textual elementor-field  elementor-size-sm\" name=\"form_fields[field_2]\" id=\"form-field-field_2\" rows=\"4\" placeholder=\"Message\" required=\"required\"><\/textarea>\t\t\t\t<\/div>\n\t\t\t\t\t\t\t\t<div class=\"elementor-field-type-acceptance elementor-field-group elementor-column elementor-field-group-field_3 elementor-col-100 elementor-field-required\">\n\t\t\t\t\t\t\t\t\t\t\t\t<label for=\"form-field-field_3\" class=\"elementor-field-label elementor-screen-only\">\n\t\t\t\t\t\t\t\tAcepto la Pol\u00edtica de Privacidad\t\t\t\t\t\t\t<\/label>\n\t\t\t\t\t\t\t\t<div class=\"elementor-field-subgroup\">\n\t\t\t<span class=\"elementor-field-option\">\n\t\t\t\t<input type=\"checkbox\" name=\"form_fields[field_3]\" id=\"form-field-field_3\" class=\"elementor-field elementor-size-sm  elementor-acceptance-field\" required=\"required\">\n\t\t\t\t<label for=\"form-field-field_3\">J'ai lu et j'accepte la <span style=\"color: #800000;\"><a style=\"color: #800000;\" href=\"https:\/\/delvy.es\/politica-privacidad\/\"> politique de confidentialit\u00e9 <\/a><\/span><\/label>\t\t\t<\/span>\n\t\t<\/div>\n\t\t\t\t\t\t<\/div>\n\t\t\t\t\t\t\t\t<div class=\"elementor-field-type-recaptcha_v3 elementor-field-group elementor-column elementor-field-group-field_6 elementor-col-100 recaptcha_v3-inline\">\n\t\t\t\t\t<div class=\"elementor-field\" id=\"form-field-field_6\"><div class=\"elementor-g-recaptcha\" data-sitekey=\"6Lc-1NUpAAAAAKYVR9X16gnz9H5a1Y_x9ua7Z9Tn\" data-type=\"v3\" data-action=\"Form\" data-badge=\"inline\" data-size=\"invisible\"><\/div><\/div>\t\t\t\t<\/div>\n\t\t\t\t\t\t\t\t<div class=\"elementor-field-type-hidden elementor-field-group elementor-column elementor-field-group-field_4a4f1c4 elementor-col-100\">\n\t\t\t\t\t\t\t\t\t\t\t\t\t<input size=\"1\" type=\"hidden\" name=\"form_fields[field_4a4f1c4]\" id=\"form-field-field_4a4f1c4\" class=\"elementor-field elementor-size-sm  elementor-field-textual\">\n\t\t\t\t\t\t\t\t\t\t\t<\/div>\n\t\t\t\t\t\t\t\t<div class=\"elementor-field-type-text\">\n\t\t\t\t\t<input size=\"1\" type=\"text\" name=\"form_fields[field_61aa4da]\" id=\"form-field-field_61aa4da\" class=\"elementor-field elementor-size-sm \" style=\"display:none !important;\">\t\t\t\t<\/div>\n\t\t\t\t\t\t\t\t<div class=\"elementor-field-type-html elementor-field-group elementor-column elementor-field-group-field_b5cb2ed elementor-col-100\">\n\t\t\t\t\tDELVY\t\t\t\t<\/div>\n\t\t\t\t\t\t\t\t<div class=\"elementor-field-group elementor-column elementor-field-type-submit elementor-col-100 e-form__buttons\">\n\t\t\t\t\t<button class=\"elementor-button elementor-size-sm\" type=\"submit\">\n\t\t\t\t\t\t<span class=\"elementor-button-content-wrapper\">\n\t\t\t\t\t\t\t\t\t\t\t\t\t\t\t<span class=\"elementor-button-icon\">\n\t\t\t\t\t\t\t\t\t<i aria-hidden=\"true\" class=\"fas fa-long-arrow-alt-right\"><\/i>\t\t\t\t\t\t\t\t\t\t\t\t\t\t\t\t\t<\/span>\n\t\t\t\t\t\t\t\t\t\t\t\t\t\t\t\t\t\t\t\t\t\t<span class=\"elementor-button-text\">envoyer<\/span>\n\t\t\t\t\t\t\t\t\t\t\t\t\t<\/span>\n\t\t\t\t\t<\/button>\n\t\t\t\t<\/div>\n\t\t\t<\/div>\n\t\t<\/form>\n\t\t\t\t\t\t<\/div>\n\t\t\t\t<\/div>\n\t\t\t\t\t<\/div>\n\t\t<\/div>\n\t\t\t\t\t<\/div>\n\t\t<\/section>\n\t\t\t\t\t<\/div>\n\t\t<\/div>\n\t\t\t\t\t<\/div>\n\t\t<\/section>\n\t\t\t\t<section class=\"elementor-section elementor-top-section elementor-element elementor-element-2102e3d2 elementor-section-boxed elementor-section-height-default elementor-section-height-default\" data-id=\"2102e3d2\" data-element_type=\"section\" data-e-type=\"section\" data-settings=\"{&quot;background_background&quot;:&quot;gradient&quot;}\">\n\t\t\t\t\t\t<div class=\"elementor-container elementor-column-gap-default\">\n\t\t\t\t\t<div class=\"elementor-column elementor-col-100 elementor-top-column elementor-element elementor-element-5b7dfa5\" data-id=\"5b7dfa5\" data-element_type=\"column\" data-e-type=\"column\">\n\t\t\t<div class=\"elementor-widget-wrap elementor-element-populated\">\n\t\t\t\t\t\t<div class=\"elementor-element elementor-element-2f2af2d2 elementor-widget elementor-widget-heading\" data-id=\"2f2af2d2\" data-element_type=\"widget\" data-e-type=\"widget\" data-widget_type=\"heading.default\">\n\t\t\t\t<div class=\"elementor-widget-container\">\n\t\t\t\t\t<h3 class=\"elementor-heading-title elementor-size-default\">DPD ANDORRE\n<\/h3>\t\t\t\t<\/div>\n\t\t\t\t<\/div>\n\t\t\t\t\t<\/div>\n\t\t<\/div>\n\t\t\t\t\t<\/div>\n\t\t<\/section>\n\t\t\t\t<section class=\"elementor-section elementor-top-section elementor-element elementor-element-c2b9e9c elementor-section-boxed elementor-section-height-default elementor-section-height-default\" data-id=\"c2b9e9c\" data-element_type=\"section\" data-e-type=\"section\">\n\t\t\t\t\t\t<div class=\"elementor-container elementor-column-gap-default\">\n\t\t\t\t\t<div class=\"elementor-column elementor-col-100 elementor-top-column elementor-element elementor-element-103cd6f1\" data-id=\"103cd6f1\" data-element_type=\"column\" data-e-type=\"column\">\n\t\t\t<div class=\"elementor-widget-wrap elementor-element-populated\">\n\t\t\t\t\t\t<div class=\"elementor-element elementor-element-2c7f32f elementor-widget elementor-widget-text-editor\" data-id=\"2c7f32f\" data-element_type=\"widget\" data-e-type=\"widget\" data-widget_type=\"text-editor.default\">\n\t\t\t\t<div class=\"elementor-widget-container\">\n\t\t\t\t\t\t\t\t\t<h2>Votre d\u00e9l\u00e9gu\u00e9 \u00e0 la protection des donn\u00e9es en Andorre<\/h2><p><span style=\"font-weight: 400;\">Dans notre cabinet d&rsquo;avocats en Andorre, nous sommes leaders dans le domaine de la protection des donn\u00e9es et sp\u00e9cialistes dans le r\u00f4le de d\u00e9l\u00e9gu\u00e9 \u00e0 la protection des donn\u00e9es (DPO). Notre \u00e9quipe juridique hautement qualifi\u00e9e poss\u00e8de une vaste exp\u00e9rience dans le conseil aux entreprises locales et internationales sur le respect des lois sur la protection des donn\u00e9es en Andorre.<\/span><\/p><p><span style=\"font-weight: 400;\">En nous choisissant comme partenaire en mati\u00e8re de protection des donn\u00e9es, vous pouvez avoir l&rsquo;esprit tranquille d&rsquo;avoir un DPO en Andorre qui se consacrera exclusivement \u00e0 garantir la s\u00e9curit\u00e9 et la confidentialit\u00e9 de vos informations. Notre objectif est de vous aider \u00e0 respecter la r\u00e9glementation en vigueur, en \u00e9vitant les risques juridiques et en prot\u00e9geant la confidentialit\u00e9 de vos clients et collaborateurs.<\/span><\/p><p><span style=\"font-weight: 400;\">Notre approche personnalis\u00e9e nous permet d\u2019adapter nos strat\u00e9gies et recommandations \u00e0 vos besoins sp\u00e9cifiques. Nous effectuons une \u00e9valuation approfondie des risques associ\u00e9s au traitement des donn\u00e9es dans votre entreprise, identifiant les \u00e9ventuelles lacunes et proposant des solutions efficaces pour minimiser toute exposition.<\/span><\/p><p><span style=\"font-weight: 400;\">De plus, nous restons constamment inform\u00e9s des changements juridiques concernant la protection des donn\u00e9es en Andorre, afin de garantir que votre entreprise soit toujours en conformit\u00e9 avec la r\u00e9glementation. Cela r\u00e9duit non seulement les risques et les amendes potentielles, mais am\u00e9liore \u00e9galement votre r\u00e9putation et renforce la confiance de vos clients.<\/span><\/p><p><span style=\"font-weight: 400;\">En r\u00e9sum\u00e9, notre cabinet d&rsquo;avocats en Andorre est votre alli\u00e9 strat\u00e9gique pour le respect des lois sur la protection des donn\u00e9es. Nous disposons d&rsquo;une \u00e9quipe sp\u00e9cialis\u00e9e dans la figure du DPO, pr\u00eate \u00e0 vous fournir un service personnalis\u00e9, des solutions efficaces et la tranquillit\u00e9 d&rsquo;esprit dont vous avez besoin pour prot\u00e9ger votre entreprise dans un environnement num\u00e9rique de plus en plus complexe.<\/span><\/p>\t\t\t\t\t\t\t\t<\/div>\n\t\t\t\t<\/div>\n\t\t\t\t\t<\/div>\n\t\t<\/div>\n\t\t\t\t\t<\/div>\n\t\t<\/section>\n\t\t\t\t<section class=\"elementor-section elementor-top-section elementor-element elementor-element-7955ff4c elementor-section-boxed elementor-section-height-default elementor-section-height-default\" data-id=\"7955ff4c\" data-element_type=\"section\" data-e-type=\"section\" data-settings=\"{&quot;background_background&quot;:&quot;gradient&quot;}\">\n\t\t\t\t\t\t<div class=\"elementor-container elementor-column-gap-default\">\n\t\t\t\t\t<div class=\"elementor-column elementor-col-100 elementor-top-column elementor-element elementor-element-2840900b\" data-id=\"2840900b\" data-element_type=\"column\" data-e-type=\"column\">\n\t\t\t<div class=\"elementor-widget-wrap elementor-element-populated\">\n\t\t\t\t\t\t<div class=\"elementor-element elementor-element-3d113b7e elementor-widget elementor-widget-heading\" data-id=\"3d113b7e\" data-element_type=\"widget\" data-e-type=\"widget\" data-widget_type=\"heading.default\">\n\t\t\t\t<div class=\"elementor-widget-container\">\n\t\t\t\t\t<h1 class=\"elementor-heading-title elementor-size-large\">DELVY<\/h1>\t\t\t\t<\/div>\n\t\t\t\t<\/div>\n\t\t\t\t\t<\/div>\n\t\t<\/div>\n\t\t\t\t\t<\/div>\n\t\t<\/section>\n\t\t\t\t<section class=\"elementor-section elementor-top-section elementor-element elementor-element-26f7a11d elementor-section-boxed elementor-section-height-default elementor-section-height-default\" data-id=\"26f7a11d\" data-element_type=\"section\" data-e-type=\"section\">\n\t\t\t\t\t\t<div class=\"elementor-container elementor-column-gap-default\">\n\t\t\t\t\t<div class=\"elementor-column elementor-col-33 elementor-top-column elementor-element elementor-element-76dd6de5\" data-id=\"76dd6de5\" data-element_type=\"column\" data-e-type=\"column\">\n\t\t\t<div class=\"elementor-widget-wrap elementor-element-populated\">\n\t\t\t\t\t\t<div class=\"elementor-element elementor-element-3fbbd1a4 elementor-widget elementor-widget-heading\" data-id=\"3fbbd1a4\" data-element_type=\"widget\" data-e-type=\"widget\" data-widget_type=\"heading.default\">\n\t\t\t\t<div class=\"elementor-widget-container\">\n\t\t\t\t\t<h2 class=\"elementor-heading-title elementor-size-default\">Delvy<\/h2>\t\t\t\t<\/div>\n\t\t\t\t<\/div>\n\t\t\t\t<div class=\"elementor-element elementor-element-1ac39b8 elementor-widget elementor-widget-text-editor\" data-id=\"1ac39b8\" data-element_type=\"widget\" data-e-type=\"widget\" data-widget_type=\"text-editor.default\">\n\t\t\t\t<div class=\"elementor-widget-container\">\n\t\t\t\t\t\t\t\t\t<p>Chez Delvy, nous fournissons une assistance juridique pour pr\u00e9parer et r\u00e9diger tous les documents n\u00e9cessaires \u00e0 l&rsquo;achat d&rsquo;une entreprise avec licence ou \u00e0 l&rsquo;investissement dans une entreprise en Espagne.<\/p><p>Si vous avez une question ou si vous souhaitez obtenir des informations, n&rsquo;h\u00e9sitez pas \u00e0 nous contacter par le biais du formulaire suivant, et nous vous r\u00e9pondrons dans les plus brefs d\u00e9lais.<\/p>\t\t\t\t\t\t\t\t<\/div>\n\t\t\t\t<\/div>\n\t\t\t\t\t<\/div>\n\t\t<\/div>\n\t\t\t\t<div class=\"elementor-column elementor-col-33 elementor-top-column elementor-element elementor-element-5414f872\" data-id=\"5414f872\" data-element_type=\"column\" data-e-type=\"column\">\n\t\t\t<div class=\"elementor-widget-wrap elementor-element-populated\">\n\t\t\t\t\t\t<div class=\"elementor-element elementor-element-421be94a elementor-widget elementor-widget-heading\" data-id=\"421be94a\" data-element_type=\"widget\" data-e-type=\"widget\" data-widget_type=\"heading.default\">\n\t\t\t\t<div class=\"elementor-widget-container\">\n\t\t\t\t\t<h2 class=\"elementor-heading-title elementor-size-default\">Ce que<\/h2>\t\t\t\t<\/div>\n\t\t\t\t<\/div>\n\t\t\t\t<div class=\"elementor-element elementor-element-31ceef36 elementor-widget elementor-widget-text-editor\" data-id=\"31ceef36\" data-element_type=\"widget\" data-e-type=\"widget\" data-widget_type=\"text-editor.default\">\n\t\t\t\t<div class=\"elementor-widget-container\">\n\t\t\t\t\t\t\t\t\t<ul><li>Le client qui nous permet de le conseiller sur l&rsquo;ouverture d&rsquo;une entreprise en Espagne re\u00e7oit :<\/li><li>Certificat du nom de l&rsquo;entreprise.<\/li><li>Acte de propri\u00e9t\u00e9 de la soci\u00e9t\u00e9, comprenant les actions, les statuts et le titre de propri\u00e9t\u00e9.<\/li><li>Num\u00e9ro d&rsquo;identification fiscale de l&rsquo;entreprise (NIF).<\/li><li>Inscription au registre du commerce<\/li><li>Inscription au registre du commerce et publication au journal du registre du commerce.<\/li><li>D\u00e9p\u00f4t et paiement du formulaire 600 (droit de timbre).<\/li><li>D\u00e9p\u00f4t du formulaire 036 (fiche d&rsquo;identification fiscale).<\/li><\/ul>\t\t\t\t\t\t\t\t<\/div>\n\t\t\t\t<\/div>\n\t\t\t\t\t<\/div>\n\t\t<\/div>\n\t\t\t\t<div class=\"elementor-column elementor-col-33 elementor-top-column elementor-element elementor-element-152f9927\" data-id=\"152f9927\" data-element_type=\"column\" data-e-type=\"column\">\n\t\t\t<div class=\"elementor-widget-wrap elementor-element-populated\">\n\t\t\t\t\t\t<div class=\"elementor-element elementor-element-117d6054 elementor-widget elementor-widget-heading\" data-id=\"117d6054\" data-element_type=\"widget\" data-e-type=\"widget\" data-widget_type=\"heading.default\">\n\t\t\t\t<div class=\"elementor-widget-container\">\n\t\t\t\t\t<h2 class=\"elementor-heading-title elementor-size-default\">Pourquoi <\/h2>\t\t\t\t<\/div>\n\t\t\t\t<\/div>\n\t\t\t\t<div class=\"elementor-element elementor-element-4a071fb8 elementor-widget elementor-widget-text-editor\" data-id=\"4a071fb8\" data-element_type=\"widget\" data-e-type=\"widget\" data-widget_type=\"text-editor.default\">\n\t\t\t\t<div class=\"elementor-widget-container\">\n\t\t\t\t\t\t\t\t\t<p>Chez Delvy, nous nous effor\u00e7ons d&rsquo;offrir un traitement unique et personnalis\u00e9, en agissant en tant que membres internes de l&rsquo;\u00e9quipe. Nous disposons d&rsquo;une \u00e9quipe d&rsquo;avocats et d&rsquo;\u00e9conomistes pr\u00eats \u00e0 vous aider en vous donnant tous les conseils dont vous avez besoin pour ouvrir votre entreprise ou votre succursale avec un succ\u00e8s absolu.<\/p><p>Si vous souhaitez b\u00e9n\u00e9ficier d&rsquo;un conseil de qualit\u00e9, d&rsquo;une personne proche de vous et responsable lors de l&rsquo;ouverture d&rsquo;une entreprise en Espagne, n&rsquo;h\u00e9sitez pas \u00e0 nous contacter. Chez Delvy, nous vous attendons pour r\u00e9aliser ensemble la satisfaction d&rsquo;un excellent travail d&rsquo;\u00e9quipe.<\/p>\t\t\t\t\t\t\t\t<\/div>\n\t\t\t\t<\/div>\n\t\t\t\t\t<\/div>\n\t\t<\/div>\n\t\t\t\t\t<\/div>\n\t\t<\/section>\n\t\t\t\t<section class=\"elementor-section elementor-top-section elementor-element elementor-element-aa6c53c elementor-section-boxed elementor-section-height-default elementor-section-height-default\" data-id=\"aa6c53c\" data-element_type=\"section\" data-e-type=\"section\" data-settings=\"{&quot;background_background&quot;:&quot;classic&quot;}\">\n\t\t\t\t\t\t<div class=\"elementor-container elementor-column-gap-default\">\n\t\t\t\t\t<div class=\"elementor-column elementor-col-100 elementor-top-column elementor-element elementor-element-46158c61\" data-id=\"46158c61\" data-element_type=\"column\" data-e-type=\"column\">\n\t\t\t<div class=\"elementor-widget-wrap elementor-element-populated\">\n\t\t\t\t\t\t<div class=\"elementor-element elementor-element-c4bf991 elementor-widget elementor-widget-text-editor\" data-id=\"c4bf991\" data-element_type=\"widget\" data-e-type=\"widget\" data-widget_type=\"text-editor.default\">\n\t\t\t\t<div class=\"elementor-widget-container\">\n\t\t\t\t\t\t\t\t\t<h3>O\u00d9 NOUS SOMMES<\/h3>\n<h4>Nos bureaux \u00e0 Barcelone, Madrid, Pontevedra, Malaga, Andorre et Mexico.<\/h4>\t\t\t\t\t\t\t\t<\/div>\n\t\t\t\t<\/div>\n\t\t\t\t<section class=\"elementor-section elementor-inner-section elementor-element elementor-element-2d363473 elementor-section-full_width elementor-section-height-default elementor-section-height-default\" data-id=\"2d363473\" data-element_type=\"section\" data-e-type=\"section\">\n\t\t\t\t\t\t<div class=\"elementor-container elementor-column-gap-default\">\n\t\t\t\t\t<div class=\"elementor-column elementor-col-33 elementor-inner-column elementor-element elementor-element-384d1d5\" data-id=\"384d1d5\" data-element_type=\"column\" data-e-type=\"column\">\n\t\t\t<div class=\"elementor-widget-wrap elementor-element-populated\">\n\t\t\t\t\t\t<div class=\"elementor-element elementor-element-675cec8a elementor-widget elementor-widget-google_maps\" data-id=\"675cec8a\" data-element_type=\"widget\" data-e-type=\"widget\" data-widget_type=\"google_maps.default\">\n\t\t\t\t<div class=\"elementor-widget-container\">\n\t\t\t\t\t\t\t<div class=\"elementor-custom-embed\">\n\t\t\t<iframe loading=\"lazy\"\n\t\t\t\t\tsrc=\"https:\/\/maps.google.com\/maps?q=Passeig%20de%20Gr%C3%A0cia%2C%2050%205a%20planta&#038;t=m&#038;z=15&#038;output=embed&#038;iwloc=near\"\n\t\t\t\t\ttitle=\"Passeig de Gr\u00e0cia, 50 5a planta\"\n\t\t\t\t\taria-label=\"Passeig de Gr\u00e0cia, 50 5a planta\"\n\t\t\t><\/iframe>\n\t\t<\/div>\n\t\t\t\t\t\t<\/div>\n\t\t\t\t<\/div>\n\t\t\t\t<div class=\"elementor-element elementor-element-1d359b10 elementor-widget elementor-widget-text-editor\" data-id=\"1d359b10\" data-element_type=\"widget\" data-e-type=\"widget\" data-widget_type=\"text-editor.default\">\n\t\t\t\t<div class=\"elementor-widget-container\">\n\t\t\t\t\t\t\t\t\t<h4>Barcelona<br \/>Passeig de Gr\u00e0cia, 50 5a planta<br \/>08007 Barcelona<br \/><strong>T\u00e9l\u00e9phone:\u00a0<\/strong><br \/><span style=\"color: #800000;\"><a style=\"color: #800000;\" href=\"tel:0034935185385\" rel=\"nofollow noopener\">(+34) 935 185 385<\/a><\/span><\/h4>\t\t\t\t\t\t\t\t<\/div>\n\t\t\t\t<\/div>\n\t\t\t\t\t<\/div>\n\t\t<\/div>\n\t\t\t\t<div class=\"elementor-column elementor-col-33 elementor-inner-column elementor-element elementor-element-2f03a8fd\" data-id=\"2f03a8fd\" data-element_type=\"column\" data-e-type=\"column\">\n\t\t\t<div class=\"elementor-widget-wrap elementor-element-populated\">\n\t\t\t\t\t\t<div class=\"elementor-element elementor-element-6ba8aa46 elementor-widget elementor-widget-google_maps\" data-id=\"6ba8aa46\" data-element_type=\"widget\" data-e-type=\"widget\" data-widget_type=\"google_maps.default\">\n\t\t\t\t<div class=\"elementor-widget-container\">\n\t\t\t\t\t\t\t<div class=\"elementor-custom-embed\">\n\t\t\t<iframe loading=\"lazy\"\n\t\t\t\t\tsrc=\"https:\/\/maps.google.com\/maps?q=%20Calle%20de%20Sta%20Engracia%2C%2023%2C%2028010&#038;t=m&#038;z=15&#038;output=embed&#038;iwloc=near\"\n\t\t\t\t\ttitle=\" Calle de Sta Engracia, 23, 28010\"\n\t\t\t\t\taria-label=\" Calle de Sta Engracia, 23, 28010\"\n\t\t\t><\/iframe>\n\t\t<\/div>\n\t\t\t\t\t\t<\/div>\n\t\t\t\t<\/div>\n\t\t\t\t<div class=\"elementor-element elementor-element-4aa8c798 elementor-widget elementor-widget-text-editor\" data-id=\"4aa8c798\" data-element_type=\"widget\" data-e-type=\"widget\" data-widget_type=\"text-editor.default\">\n\t\t\t\t<div class=\"elementor-widget-container\">\n\t\t\t\t\t\t\t\t\t<h4><strong>Madrid<\/strong><br \/>Calle Sta Engracia, 23<br \/>28010\u00a0Madrid<br \/><strong>T\u00e9l\u00e9phone:<\/strong><br \/><span style=\"color: #800000;\"><a style=\"color: #800000;\" href=\"tel:0034911138698\" rel=\"nofollow noopener\">(+34)\u00a0911 138 698<\/a><\/span><\/h4>\t\t\t\t\t\t\t\t<\/div>\n\t\t\t\t<\/div>\n\t\t\t\t\t<\/div>\n\t\t<\/div>\n\t\t\t\t<div class=\"elementor-column elementor-col-33 elementor-inner-column elementor-element elementor-element-7525cd48\" data-id=\"7525cd48\" data-element_type=\"column\" data-e-type=\"column\">\n\t\t\t<div class=\"elementor-widget-wrap elementor-element-populated\">\n\t\t\t\t\t\t<div class=\"elementor-element elementor-element-63cadd41 elementor-widget elementor-widget-google_maps\" data-id=\"63cadd41\" data-element_type=\"widget\" data-e-type=\"widget\" data-widget_type=\"google_maps.default\">\n\t\t\t\t<div class=\"elementor-widget-container\">\n\t\t\t\t\t\t\t<div class=\"elementor-custom-embed\">\n\t\t\t<iframe loading=\"lazy\"\n\t\t\t\t\tsrc=\"https:\/\/maps.google.com\/maps?q=Calle%20Alameda%2C%2012%20entresuelo%2036001%2C%20Pontevedra&#038;t=m&#038;z=15&#038;output=embed&#038;iwloc=near\"\n\t\t\t\t\ttitle=\"Calle Alameda, 12 entresuelo 36001, Pontevedra\"\n\t\t\t\t\taria-label=\"Calle Alameda, 12 entresuelo 36001, Pontevedra\"\n\t\t\t><\/iframe>\n\t\t<\/div>\n\t\t\t\t\t\t<\/div>\n\t\t\t\t<\/div>\n\t\t\t\t<div class=\"elementor-element elementor-element-6761e136 elementor-widget elementor-widget-text-editor\" data-id=\"6761e136\" data-element_type=\"widget\" data-e-type=\"widget\" data-widget_type=\"text-editor.default\">\n\t\t\t\t<div class=\"elementor-widget-container\">\n\t\t\t\t\t\t\t\t\t<h4><strong>Pontevedra<\/strong><br \/>Calle Alameda, 12 entresuelo<br \/>36001, Pontevedra<br \/><strong>T\u00e9l\u00e9phone:<\/strong><br \/><span style=\"color: #800000;\"><a class=\"contact_phone\" style=\"color: #800000;\" href=\"tel:0034935185385\" rel=\"nofollow noopener\">(+34)\u00a0935 185 385<\/a><\/span><\/h4>\t\t\t\t\t\t\t\t<\/div>\n\t\t\t\t<\/div>\n\t\t\t\t\t<\/div>\n\t\t<\/div>\n\t\t\t\t\t<\/div>\n\t\t<\/section>\n\t\t\t\t<section class=\"elementor-section elementor-inner-section elementor-element elementor-element-75b73217 elementor-section-full_width elementor-section-height-default elementor-section-height-default\" data-id=\"75b73217\" data-element_type=\"section\" data-e-type=\"section\">\n\t\t\t\t\t\t<div class=\"elementor-container elementor-column-gap-default\">\n\t\t\t\t\t<div class=\"elementor-column elementor-col-33 elementor-inner-column elementor-element elementor-element-4f95d217\" data-id=\"4f95d217\" data-element_type=\"column\" data-e-type=\"column\">\n\t\t\t<div class=\"elementor-widget-wrap elementor-element-populated\">\n\t\t\t\t\t\t<div class=\"elementor-element elementor-element-1390ba32 elementor-widget elementor-widget-google_maps\" data-id=\"1390ba32\" data-element_type=\"widget\" data-e-type=\"widget\" data-widget_type=\"google_maps.default\">\n\t\t\t\t<div class=\"elementor-widget-container\">\n\t\t\t\t\t\t\t<div class=\"elementor-custom-embed\">\n\t\t\t<iframe loading=\"lazy\"\n\t\t\t\t\tsrc=\"https:\/\/maps.google.com\/maps?q=M%C3%A1laga%20Calle%20Marques%20de%20Larios%2C%20n%C2%BA9%2C%203a%20Planta%2C%2029015%20M%C3%A1laga&#038;t=m&#038;z=15&#038;output=embed&#038;iwloc=near\"\n\t\t\t\t\ttitle=\"M\u00e1laga Calle Marques de Larios, n\u00ba9, 3a Planta, 29015 M\u00e1laga\"\n\t\t\t\t\taria-label=\"M\u00e1laga Calle Marques de Larios, n\u00ba9, 3a Planta, 29015 M\u00e1laga\"\n\t\t\t><\/iframe>\n\t\t<\/div>\n\t\t\t\t\t\t<\/div>\n\t\t\t\t<\/div>\n\t\t\t\t<div class=\"elementor-element elementor-element-e49eb81 elementor-widget elementor-widget-text-editor\" data-id=\"e49eb81\" data-element_type=\"widget\" data-e-type=\"widget\" data-widget_type=\"text-editor.default\">\n\t\t\t\t<div class=\"elementor-widget-container\">\n\t\t\t\t\t\t\t\t\t<h4><strong>M\u00e1laga<\/strong><br \/>Calle Marques de Larios, n\u00ba9, 3a Planta,<br \/>29015<br \/>M\u00e1laga<\/h4>\t\t\t\t\t\t\t\t<\/div>\n\t\t\t\t<\/div>\n\t\t\t\t\t<\/div>\n\t\t<\/div>\n\t\t\t\t<div class=\"elementor-column elementor-col-33 elementor-inner-column elementor-element elementor-element-41d9a0a8\" data-id=\"41d9a0a8\" data-element_type=\"column\" data-e-type=\"column\">\n\t\t\t<div class=\"elementor-widget-wrap elementor-element-populated\">\n\t\t\t\t\t\t<div class=\"elementor-element elementor-element-6ac4cdbf elementor-widget elementor-widget-google_maps\" data-id=\"6ac4cdbf\" data-element_type=\"widget\" data-e-type=\"widget\" data-widget_type=\"google_maps.default\">\n\t\t\t\t<div class=\"elementor-widget-container\">\n\t\t\t\t\t\t\t<div class=\"elementor-custom-embed\">\n\t\t\t<iframe loading=\"lazy\"\n\t\t\t\t\tsrc=\"https:\/\/maps.google.com\/maps?q=Carrer%20Prat%20de%20la%20Creu%2C%20n%C2%BA%2059-65%2C%20escala%20C%2C%20planta%202%2C%20despatx%203F&#038;t=m&#038;z=15&#038;output=embed&#038;iwloc=near\"\n\t\t\t\t\ttitle=\"Carrer Prat de la Creu, n\u00ba 59-65, escala C, planta 2, despatx 3F\"\n\t\t\t\t\taria-label=\"Carrer Prat de la Creu, n\u00ba 59-65, escala C, planta 2, despatx 3F\"\n\t\t\t><\/iframe>\n\t\t<\/div>\n\t\t\t\t\t\t<\/div>\n\t\t\t\t<\/div>\n\t\t\t\t<div class=\"elementor-element elementor-element-492e7b8c elementor-widget elementor-widget-text-editor\" data-id=\"492e7b8c\" data-element_type=\"widget\" data-e-type=\"widget\" data-widget_type=\"text-editor.default\">\n\t\t\t\t<div class=\"elementor-widget-container\">\n\t\t\t\t\t\t\t\t\t<h4><strong>Andorre<\/strong><br \/>Carrer Prat de la Creu, n\u00ba 59-65, escala C, planta 2, despatx 3F<br \/><strong>T\u00e9l\u00e9phone:<\/strong><br \/><span style=\"color: #800000;\"><a class=\"contact_phone\" style=\"color: #800000;\" href=\"tel:0034911138698\" rel=\"nofollow noopener\">(+376)\u00a0<\/a>865 282<\/span><\/h4>\t\t\t\t\t\t\t\t<\/div>\n\t\t\t\t<\/div>\n\t\t\t\t\t<\/div>\n\t\t<\/div>\n\t\t\t\t<div class=\"elementor-column elementor-col-33 elementor-inner-column elementor-element elementor-element-5dce5c6c\" data-id=\"5dce5c6c\" data-element_type=\"column\" data-e-type=\"column\">\n\t\t\t<div class=\"elementor-widget-wrap elementor-element-populated\">\n\t\t\t\t\t\t<div class=\"elementor-element elementor-element-9650868 elementor-widget elementor-widget-google_maps\" data-id=\"9650868\" data-element_type=\"widget\" data-e-type=\"widget\" data-widget_type=\"google_maps.default\">\n\t\t\t\t<div class=\"elementor-widget-container\">\n\t\t\t\t\t\t\t<div class=\"elementor-custom-embed\">\n\t\t\t<iframe loading=\"lazy\"\n\t\t\t\t\tsrc=\"https:\/\/maps.google.com\/maps?q=Calle%20Rub%C3%A9n%20Dario%2C%2013%2C%209-B%2C%20Rinc%C3%B3n%20del%20Bosque%2C%20Polanco%2011580%20Ciudad%20de%20M%C3%A9xico&#038;t=m&#038;z=15&#038;output=embed&#038;iwloc=near\"\n\t\t\t\t\ttitle=\"Calle Rub\u00e9n Dario, 13, 9-B, Rinc\u00f3n del Bosque, Polanco 11580 Ciudad de M\u00e9xico\"\n\t\t\t\t\taria-label=\"Calle Rub\u00e9n Dario, 13, 9-B, Rinc\u00f3n del Bosque, Polanco 11580 Ciudad de M\u00e9xico\"\n\t\t\t><\/iframe>\n\t\t<\/div>\n\t\t\t\t\t\t<\/div>\n\t\t\t\t<\/div>\n\t\t\t\t<div class=\"elementor-element elementor-element-79141a36 elementor-widget elementor-widget-text-editor\" data-id=\"79141a36\" data-element_type=\"widget\" data-e-type=\"widget\" data-widget_type=\"text-editor.default\">\n\t\t\t\t<div class=\"elementor-widget-container\">\n\t\t\t\t\t\t\t\t\t<h4><strong>Ciudad de M\u00e9xico<\/strong><br \/>Calle Rub\u00e9n Dario, 13, 9-B,<br \/>Rinc\u00f3n del Bosque, Polanco<br \/>11580 Ciudad de M\u00e9xico<\/h4>\t\t\t\t\t\t\t\t<\/div>\n\t\t\t\t<\/div>\n\t\t\t\t\t<\/div>\n\t\t<\/div>\n\t\t\t\t\t<\/div>\n\t\t<\/section>\n\t\t\t\t\t<\/div>\n\t\t<\/div>\n\t\t\t\t\t<\/div>\n\t\t<\/section>\n\t\t\t\t<\/div>\n\t\t","protected":false},"excerpt":{"rendered":"<p>D\u00c9L\u00c9GU\u00c9 \u00c0 LA PROTECTION DES DONN\u00c9ES EN ANDORRE (DPD \/ DPO) Protection des donn\u00e9es : Votre tranquillit\u00e9, notre sp\u00e9cialit\u00e9 Qu&rsquo;est-ce qu&rsquo;un d\u00e9l\u00e9gu\u00e9 \u00e0 la protection des donn\u00e9es et pourquoi est-il important pour votre entreprise? Le d\u00e9l\u00e9gu\u00e9 \u00e0 la protection des donn\u00e9es (DPO ou DPD) est essentiel pour garantir la s\u00e9curit\u00e9 de votre entreprise dans le [&hellip;]<\/p>\n","protected":false},"author":10553,"featured_media":0,"parent":0,"menu_order":0,"comment_status":"closed","ping_status":"closed","template":"","meta":{"_acf_changed":false,"rop_custom_images_group":[],"rop_custom_messages_group":[],"rop_publish_now":"initial","rop_publish_now_accounts":[],"rop_publish_now_history":[],"rop_publish_now_status":"pending","footnotes":""},"class_list":["post-28805","page","type-page","status-publish","hentry"],"acf":[],"yoast_head":"<!-- This site is optimized with the Yoast SEO Premium plugin v25.3.1 (Yoast SEO v27.4) - https:\/\/yoast.com\/product\/yoast-seo-premium-wordpress\/ -->\n<title>DPO Andorre - D\u00e9l\u00e9gu\u00e9 \u00e0 la protection des donn\u00e9es - Delvy<\/title>\n<meta name=\"description\" content=\"D\u00e9couvrez le r\u00f4le du d\u00e9l\u00e9gu\u00e9 \u00e0 la protection des donn\u00e9es (DPD) en Andorre et pourquoi les entreprises doivent aujourd&#039;hui tenir compte de cette figure.\" \/>\n<meta name=\"robots\" content=\"index, follow, max-snippet:-1, max-image-preview:large, max-video-preview:-1\" \/>\n<link rel=\"canonical\" href=\"https:\/\/delvy.es\/fr\/dpo-andorre\/\" \/>\n<meta property=\"og:locale\" content=\"fr_FR\" \/>\n<meta property=\"og:type\" content=\"article\" \/>\n<meta property=\"og:title\" content=\"D\u00c9L\u00c9GU\u00c9 \u00c0 LA PROTECTION DES DONN\u00c9ES EN ANDORRE (DPD \/ DPO)\" \/>\n<meta property=\"og:description\" content=\"D\u00e9couvrez le r\u00f4le du d\u00e9l\u00e9gu\u00e9 \u00e0 la protection des donn\u00e9es (DPD) en Andorre et pourquoi les entreprises doivent aujourd&#039;hui tenir compte de cette figure.\" \/>\n<meta property=\"og:url\" content=\"https:\/\/delvy.es\/fr\/dpo-andorre\/\" \/>\n<meta property=\"og:site_name\" content=\"Delvy\" \/>\n<meta property=\"article:publisher\" content=\"https:\/\/www.facebook.com\/delvyasesores\/\" \/>\n<meta property=\"article:modified_time\" content=\"2024-04-17T09:31:11+00:00\" \/>\n<meta name=\"twitter:card\" content=\"summary_large_image\" \/>\n<meta name=\"twitter:site\" content=\"@Delvy_Asesores\" \/>\n<meta name=\"twitter:label1\" content=\"Dur\u00e9e de lecture estim\u00e9e\" \/>\n\t<meta name=\"twitter:data1\" content=\"5 minutes\" \/>\n<script type=\"application\/ld+json\" class=\"yoast-schema-graph\">{\"@context\":\"https:\\\/\\\/schema.org\",\"@graph\":[{\"@type\":\"WebPage\",\"@id\":\"https:\\\/\\\/delvy.es\\\/fr\\\/dpo-andorre\\\/\",\"url\":\"https:\\\/\\\/delvy.es\\\/fr\\\/dpo-andorre\\\/\",\"name\":\"DPO Andorre - D\u00e9l\u00e9gu\u00e9 \u00e0 la protection des donn\u00e9es - Delvy\",\"isPartOf\":{\"@id\":\"https:\\\/\\\/delvy.es\\\/#website\"},\"datePublished\":\"2024-01-09T10:33:29+00:00\",\"dateModified\":\"2024-04-17T09:31:11+00:00\",\"description\":\"D\u00e9couvrez le r\u00f4le du d\u00e9l\u00e9gu\u00e9 \u00e0 la protection des donn\u00e9es (DPD) en Andorre et pourquoi les entreprises doivent aujourd'hui tenir compte de cette figure.\",\"breadcrumb\":{\"@id\":\"https:\\\/\\\/delvy.es\\\/fr\\\/dpo-andorre\\\/#breadcrumb\"},\"inLanguage\":\"fr-FR\",\"potentialAction\":[{\"@type\":\"ReadAction\",\"target\":[\"https:\\\/\\\/delvy.es\\\/fr\\\/dpo-andorre\\\/\"]}]},{\"@type\":\"BreadcrumbList\",\"@id\":\"https:\\\/\\\/delvy.es\\\/fr\\\/dpo-andorre\\\/#breadcrumb\",\"itemListElement\":[{\"@type\":\"ListItem\",\"position\":1,\"name\":\"Portada\",\"item\":\"https:\\\/\\\/delvy.es\\\/fr\\\/\"},{\"@type\":\"ListItem\",\"position\":2,\"name\":\"D\u00c9L\u00c9GU\u00c9 \u00c0 LA PROTECTION DES DONN\u00c9ES EN ANDORRE (DPD \\\/ DPO)\"}]},{\"@type\":\"WebSite\",\"@id\":\"https:\\\/\\\/delvy.es\\\/#website\",\"url\":\"https:\\\/\\\/delvy.es\\\/\",\"name\":\"Delvy\",\"description\":\"Asesores Legales Delvy\",\"publisher\":{\"@id\":\"https:\\\/\\\/delvy.es\\\/#organization\"},\"potentialAction\":[{\"@type\":\"SearchAction\",\"target\":{\"@type\":\"EntryPoint\",\"urlTemplate\":\"https:\\\/\\\/delvy.es\\\/?s={search_term_string}\"},\"query-input\":{\"@type\":\"PropertyValueSpecification\",\"valueRequired\":true,\"valueName\":\"search_term_string\"}}],\"inLanguage\":\"fr-FR\"},{\"@type\":\"Organization\",\"@id\":\"https:\\\/\\\/delvy.es\\\/#organization\",\"name\":\"Delvy\",\"url\":\"https:\\\/\\\/delvy.es\\\/\",\"logo\":{\"@type\":\"ImageObject\",\"inLanguage\":\"fr-FR\",\"@id\":\"https:\\\/\\\/delvy.es\\\/#\\\/schema\\\/logo\\\/image\\\/\",\"url\":\"https:\\\/\\\/delvy.es\\\/wp-content\\\/uploads\\\/2023\\\/11\\\/cropped-favicon-5.png\",\"contentUrl\":\"https:\\\/\\\/delvy.es\\\/wp-content\\\/uploads\\\/2023\\\/11\\\/cropped-favicon-5.png\",\"width\":512,\"height\":512,\"caption\":\"Delvy\"},\"image\":{\"@id\":\"https:\\\/\\\/delvy.es\\\/#\\\/schema\\\/logo\\\/image\\\/\"},\"sameAs\":[\"https:\\\/\\\/www.facebook.com\\\/delvyasesores\\\/\",\"https:\\\/\\\/x.com\\\/Delvy_Asesores\"]}]}<\/script>\n<!-- \/ Yoast SEO Premium plugin. -->","yoast_head_json":{"title":"DPO Andorre - D\u00e9l\u00e9gu\u00e9 \u00e0 la protection des donn\u00e9es - Delvy","description":"D\u00e9couvrez le r\u00f4le du d\u00e9l\u00e9gu\u00e9 \u00e0 la protection des donn\u00e9es (DPD) en Andorre et pourquoi les entreprises doivent aujourd'hui tenir compte de cette figure.","robots":{"index":"index","follow":"follow","max-snippet":"max-snippet:-1","max-image-preview":"max-image-preview:large","max-video-preview":"max-video-preview:-1"},"canonical":"https:\/\/delvy.es\/fr\/dpo-andorre\/","og_locale":"fr_FR","og_type":"article","og_title":"D\u00c9L\u00c9GU\u00c9 \u00c0 LA PROTECTION DES DONN\u00c9ES EN ANDORRE (DPD \/ DPO)","og_description":"D\u00e9couvrez le r\u00f4le du d\u00e9l\u00e9gu\u00e9 \u00e0 la protection des donn\u00e9es (DPD) en Andorre et pourquoi les entreprises doivent aujourd'hui tenir compte de cette figure.","og_url":"https:\/\/delvy.es\/fr\/dpo-andorre\/","og_site_name":"Delvy","article_publisher":"https:\/\/www.facebook.com\/delvyasesores\/","article_modified_time":"2024-04-17T09:31:11+00:00","twitter_card":"summary_large_image","twitter_site":"@Delvy_Asesores","twitter_misc":{"Dur\u00e9e de lecture estim\u00e9e":"5 minutes"},"schema":{"@context":"https:\/\/schema.org","@graph":[{"@type":"WebPage","@id":"https:\/\/delvy.es\/fr\/dpo-andorre\/","url":"https:\/\/delvy.es\/fr\/dpo-andorre\/","name":"DPO Andorre - D\u00e9l\u00e9gu\u00e9 \u00e0 la protection des donn\u00e9es - Delvy","isPartOf":{"@id":"https:\/\/delvy.es\/#website"},"datePublished":"2024-01-09T10:33:29+00:00","dateModified":"2024-04-17T09:31:11+00:00","description":"D\u00e9couvrez le r\u00f4le du d\u00e9l\u00e9gu\u00e9 \u00e0 la protection des donn\u00e9es (DPD) en Andorre et pourquoi les entreprises doivent aujourd'hui tenir compte de cette figure.","breadcrumb":{"@id":"https:\/\/delvy.es\/fr\/dpo-andorre\/#breadcrumb"},"inLanguage":"fr-FR","potentialAction":[{"@type":"ReadAction","target":["https:\/\/delvy.es\/fr\/dpo-andorre\/"]}]},{"@type":"BreadcrumbList","@id":"https:\/\/delvy.es\/fr\/dpo-andorre\/#breadcrumb","itemListElement":[{"@type":"ListItem","position":1,"name":"Portada","item":"https:\/\/delvy.es\/fr\/"},{"@type":"ListItem","position":2,"name":"D\u00c9L\u00c9GU\u00c9 \u00c0 LA PROTECTION DES DONN\u00c9ES EN ANDORRE (DPD \/ DPO)"}]},{"@type":"WebSite","@id":"https:\/\/delvy.es\/#website","url":"https:\/\/delvy.es\/","name":"Delvy","description":"Asesores Legales Delvy","publisher":{"@id":"https:\/\/delvy.es\/#organization"},"potentialAction":[{"@type":"SearchAction","target":{"@type":"EntryPoint","urlTemplate":"https:\/\/delvy.es\/?s={search_term_string}"},"query-input":{"@type":"PropertyValueSpecification","valueRequired":true,"valueName":"search_term_string"}}],"inLanguage":"fr-FR"},{"@type":"Organization","@id":"https:\/\/delvy.es\/#organization","name":"Delvy","url":"https:\/\/delvy.es\/","logo":{"@type":"ImageObject","inLanguage":"fr-FR","@id":"https:\/\/delvy.es\/#\/schema\/logo\/image\/","url":"https:\/\/delvy.es\/wp-content\/uploads\/2023\/11\/cropped-favicon-5.png","contentUrl":"https:\/\/delvy.es\/wp-content\/uploads\/2023\/11\/cropped-favicon-5.png","width":512,"height":512,"caption":"Delvy"},"image":{"@id":"https:\/\/delvy.es\/#\/schema\/logo\/image\/"},"sameAs":["https:\/\/www.facebook.com\/delvyasesores\/","https:\/\/x.com\/Delvy_Asesores"]}]}},"_links":{"self":[{"href":"https:\/\/delvy.es\/fr\/wp-json\/wp\/v2\/pages\/28805","targetHints":{"allow":["GET"]}}],"collection":[{"href":"https:\/\/delvy.es\/fr\/wp-json\/wp\/v2\/pages"}],"about":[{"href":"https:\/\/delvy.es\/fr\/wp-json\/wp\/v2\/types\/page"}],"author":[{"embeddable":true,"href":"https:\/\/delvy.es\/fr\/wp-json\/wp\/v2\/users\/10553"}],"replies":[{"embeddable":true,"href":"https:\/\/delvy.es\/fr\/wp-json\/wp\/v2\/comments?post=28805"}],"version-history":[{"count":0,"href":"https:\/\/delvy.es\/fr\/wp-json\/wp\/v2\/pages\/28805\/revisions"}],"wp:attachment":[{"href":"https:\/\/delvy.es\/fr\/wp-json\/wp\/v2\/media?parent=28805"}],"curies":[{"name":"wp","href":"https:\/\/api.w.org\/{rel}","templated":true}]}}