{"id":29563,"date":"2024-04-03T08:59:07","date_gmt":"2024-04-03T07:59:07","guid":{"rendered":"https:\/\/delvy.es\/?page_id=29563"},"modified":"2025-12-31T10:22:48","modified_gmt":"2025-12-31T09:22:48","slug":"delegat-de-proteccio-de-dades-a-andorra","status":"publish","type":"page","link":"https:\/\/delvy.es\/ca\/delegat-de-proteccio-de-dades-a-andorra\/","title":{"rendered":"Delegat de protecci\u00f3 de dades a Andorra (DPD\/DPO)"},"content":{"rendered":"\t\t<div data-elementor-type=\"wp-page\" data-elementor-id=\"29563\" class=\"elementor elementor-29563\" data-elementor-settings=\"{&quot;element_pack_global_tooltip_width&quot;:{&quot;unit&quot;:&quot;px&quot;,&quot;size&quot;:&quot;&quot;,&quot;sizes&quot;:[]},&quot;element_pack_global_tooltip_width_tablet&quot;:{&quot;unit&quot;:&quot;px&quot;,&quot;size&quot;:&quot;&quot;,&quot;sizes&quot;:[]},&quot;element_pack_global_tooltip_width_mobile&quot;:{&quot;unit&quot;:&quot;px&quot;,&quot;size&quot;:&quot;&quot;,&quot;sizes&quot;:[]},&quot;element_pack_global_tooltip_padding&quot;:{&quot;unit&quot;:&quot;px&quot;,&quot;top&quot;:&quot;&quot;,&quot;right&quot;:&quot;&quot;,&quot;bottom&quot;:&quot;&quot;,&quot;left&quot;:&quot;&quot;,&quot;isLinked&quot;:true},&quot;element_pack_global_tooltip_padding_tablet&quot;:{&quot;unit&quot;:&quot;px&quot;,&quot;top&quot;:&quot;&quot;,&quot;right&quot;:&quot;&quot;,&quot;bottom&quot;:&quot;&quot;,&quot;left&quot;:&quot;&quot;,&quot;isLinked&quot;:true},&quot;element_pack_global_tooltip_padding_mobile&quot;:{&quot;unit&quot;:&quot;px&quot;,&quot;top&quot;:&quot;&quot;,&quot;right&quot;:&quot;&quot;,&quot;bottom&quot;:&quot;&quot;,&quot;left&quot;:&quot;&quot;,&quot;isLinked&quot;:true},&quot;element_pack_global_tooltip_border_radius&quot;:{&quot;unit&quot;:&quot;px&quot;,&quot;top&quot;:&quot;&quot;,&quot;right&quot;:&quot;&quot;,&quot;bottom&quot;:&quot;&quot;,&quot;left&quot;:&quot;&quot;,&quot;isLinked&quot;:true},&quot;element_pack_global_tooltip_border_radius_tablet&quot;:{&quot;unit&quot;:&quot;px&quot;,&quot;top&quot;:&quot;&quot;,&quot;right&quot;:&quot;&quot;,&quot;bottom&quot;:&quot;&quot;,&quot;left&quot;:&quot;&quot;,&quot;isLinked&quot;:true},&quot;element_pack_global_tooltip_border_radius_mobile&quot;:{&quot;unit&quot;:&quot;px&quot;,&quot;top&quot;:&quot;&quot;,&quot;right&quot;:&quot;&quot;,&quot;bottom&quot;:&quot;&quot;,&quot;left&quot;:&quot;&quot;,&quot;isLinked&quot;:true}}\" data-elementor-post-type=\"page\">\n\t\t\t\t\t\t<main class=\"elementor-section elementor-top-section elementor-element elementor-element-6e18122e elementor-section-full_width elementor-section-stretched elementor-section-height-default elementor-section-height-default\" data-id=\"6e18122e\" data-element_type=\"section\" data-e-type=\"section\" data-settings=\"{&quot;stretch_section&quot;:&quot;section-stretched&quot;,&quot;background_background&quot;:&quot;classic&quot;}\">\n\t\t\t\t\t\t\t<div class=\"elementor-background-overlay\"><\/div>\n\t\t\t\t\t\t\t<div class=\"elementor-container elementor-column-gap-default\">\n\t\t\t\t\t<div class=\"elementor-column elementor-col-100 elementor-top-column elementor-element elementor-element-7cbbe2fa\" data-id=\"7cbbe2fa\" data-element_type=\"column\" data-e-type=\"column\">\n\t\t\t<div class=\"elementor-widget-wrap elementor-element-populated\">\n\t\t\t\t\t\t<div class=\"elementor-element elementor-element-297bc544 elementor-widget elementor-widget-heading\" data-id=\"297bc544\" data-element_type=\"widget\" data-e-type=\"widget\" data-widget_type=\"heading.default\">\n\t\t\t\t<div class=\"elementor-widget-container\">\n\t\t\t\t\t<h1 class=\"elementor-heading-title elementor-size-default\">DELEGAT DE PROTECCI\u00d3 DE DADES A ANDORRA (DPD \/ DPO)<\/h1>\t\t\t\t<\/div>\n\t\t\t\t<\/div>\n\t\t\t\t\t<\/div>\n\t\t<\/div>\n\t\t\t\t\t<\/div>\n\t\t<\/main>\n\t\t\t\t<section class=\"elementor-section elementor-top-section elementor-element elementor-element-71fe2b25 elementor-section-boxed elementor-section-height-default elementor-section-height-default\" data-id=\"71fe2b25\" data-element_type=\"section\" data-e-type=\"section\">\n\t\t\t\t\t\t<div class=\"elementor-container elementor-column-gap-default\">\n\t\t\t\t\t<div class=\"elementor-column elementor-col-50 elementor-top-column elementor-element elementor-element-139a9efe\" data-id=\"139a9efe\" data-element_type=\"column\" data-e-type=\"column\">\n\t\t\t<div class=\"elementor-widget-wrap elementor-element-populated\">\n\t\t\t\t\t\t<div class=\"elementor-element elementor-element-5d3549a0 elementor-widget elementor-widget-text-editor\" data-id=\"5d3549a0\" data-element_type=\"widget\" data-e-type=\"widget\" data-widget_type=\"text-editor.default\">\n\t\t\t\t<div class=\"elementor-widget-container\">\n\t\t\t\t\t\t\t\t\t<h2>Protecci\u00f3 de Dades: La teva tranquil\u00b7litat, la nostra especialitat<\/h2><h3>Qu\u00e8 \u00e9s un Delegat de Protecci\u00f3 de Dades i per qu\u00e8 \u00e9s important per al vostre negoci?<\/h3><p><span style=\"font-weight: 400;\">El Delegat de Protecci\u00f3 de Dades (DPO o DPD) \u00e9s clau per garantir la seguretat de la vostra empresa al m\u00f3n digital actual. Al nostre despatx, ens especialitzem a brindar un servei integral d&#8217;assessorament en protecci\u00f3 de dades, amb un enfocament especial a la figura del DPO.<\/span><\/p><h3>El nostre equip d&#8217;advocats experts, el vostre DPO personalitzat<\/h3><p><span style=\"font-weight: 400;\">Al nostre despatx, comptem amb un equip d&#8217;advocats altament qualificats i especialitzats en protecci\u00f3 de dades. Ens encarreguem de ser el vostre Delegat de Protecci\u00f3 de Dades, brindant un servei personalitzat adaptat a les necessitats espec\u00edfiques del vostre negoci.<\/span><\/p><h3>Beneficis d&#8217;escollir-nos com a vostre soci en protecci\u00f3 de dades a Andorra<\/h3><ol><li style=\"font-weight: 400;\" aria-level=\"1\"><span style=\"font-weight: 400;\">Compliment normatiu sense preocupacions : Mantenim actualitzats els nostres coneixements sobre la legislaci\u00f3 en protecci\u00f3 de dades i us guiem a cada etapa per garantir el compliment normatiu en tot moment.<\/span><\/li><li style=\"font-weight: 400;\" aria-level=\"1\"><span style=\"font-weight: 400;\">Identificaci\u00f3 i mitigaci\u00f3 de riscos : Realitzem una avaluaci\u00f3 exhaustiva dels riscos associats al tractament de dades en el vostre negoci, identificant possibles bretxes i oferint solucions per minimitzar qualsevol exposici\u00f3.<\/span><\/li><li style=\"font-weight: 400;\" aria-level=\"1\"><span style=\"font-weight: 400;\">Solucions personalitzades per a vosaltres : Reconeixem que cada negoci \u00e9s \u00fanic, per la qual cosa adaptem les nostres estrat\u00e8gies i recomanacions a les vostres necessitats espec\u00edfiques. No hi ha una soluci\u00f3 est\u00e0ndard, sin\u00f3 una soluci\u00f3 a mida per a vosaltres.<\/span><\/li><li style=\"font-weight: 400;\" aria-level=\"1\"><span style=\"font-weight: 400;\">Confidencialitat absoluta : La privadesa i confidencialitat s\u00f3n la nostra prioritat. Treballem de manera discreta i segura per protegir les vostres dades i les dels vostres clients.<\/span><\/li><li style=\"font-weight: 400;\" aria-level=\"1\"><span style=\"font-weight: 400;\">Reducci\u00f3 de riscos i multes : En mantenir un compliment adequat, reduireu els riscos legals i les possibles multes associades a l&#8217;incompliment de la normativa de protecci\u00f3 de dades.<\/span><\/li><\/ol><h3>Confia al nostre despatx per protegir la teva informaci\u00f3 i el teu negoci mitjan\u00e7ant un DPO o DPD a Andorra<\/h3><p><span style=\"font-weight: 400;\">Al nostre despatx d&#8217;advocats a Andorra, comprenem la import\u00e0ncia de la protecci\u00f3 de dades per a l&#8217;\u00e8xit del vostre negoci. Confia en nosaltres per ser el vostre Delegat de Protecci\u00f3 de Dades i garantir la seguretat i tranquil\u00b7litat que necessiteu a l&#8217;entorn digital actual.<\/span><\/p>\t\t\t\t\t\t\t\t<\/div>\n\t\t\t\t<\/div>\n\t\t\t\t\t<\/div>\n\t\t<\/div>\n\t\t\t\t<div class=\"elementor-column elementor-col-50 elementor-top-column elementor-element elementor-element-55a16f3c\" data-id=\"55a16f3c\" data-element_type=\"column\" data-e-type=\"column\">\n\t\t\t<div class=\"elementor-widget-wrap elementor-element-populated\">\n\t\t\t\t\t\t<section class=\"elementor-section elementor-inner-section elementor-element elementor-element-55d5e75f elementor-section-boxed elementor-section-height-default elementor-section-height-default\" data-id=\"55d5e75f\" data-element_type=\"section\" data-e-type=\"section\" data-settings=\"{&quot;background_background&quot;:&quot;classic&quot;}\">\n\t\t\t\t\t\t<div class=\"elementor-container elementor-column-gap-default\">\n\t\t\t\t\t<div class=\"elementor-column elementor-col-100 elementor-inner-column elementor-element elementor-element-15d358eb\" data-id=\"15d358eb\" data-element_type=\"column\" data-e-type=\"column\">\n\t\t\t<div class=\"elementor-widget-wrap elementor-element-populated\">\n\t\t\t\t\t\t<div class=\"elementor-element elementor-element-205e6775 elementor-widget elementor-widget-text-editor\" data-id=\"205e6775\" data-element_type=\"widget\" data-e-type=\"widget\" data-widget_type=\"text-editor.default\">\n\t\t\t\t<div class=\"elementor-widget-container\">\n\t\t\t\t\t\t\t\t\t<h2 style=\"text-align: center;\"><span style=\"color: #ffffff;\">TRUCA&#8217;NS<\/span><\/h2><h3 style=\"text-align: center;\"><a href=\"tel:0376874846\"><span style=\"color: #ffffff;\">(+376) 874 846<\/span><\/a><\/h3>\t\t\t\t\t\t\t\t<\/div>\n\t\t\t\t<\/div>\n\t\t\t\t<div class=\"elementor-element elementor-element-ac4ae48 elementor-widget elementor-widget-heading\" data-id=\"ac4ae48\" data-element_type=\"widget\" data-e-type=\"widget\" data-widget_type=\"heading.default\">\n\t\t\t\t<div class=\"elementor-widget-container\">\n\t\t\t\t\t<h3 class=\"elementor-heading-title elementor-size-default\">O CONTACTA MITJAN\u00c7ANT EL FORMULARI:<\/h3>\t\t\t\t<\/div>\n\t\t\t\t<\/div>\n\t\t\t\t<div class=\"elementor-element elementor-element-382138e5 elementor-button-align-stretch elementor-widget elementor-widget-form\" data-id=\"382138e5\" data-element_type=\"widget\" data-e-type=\"widget\" data-settings=\"{&quot;step_next_label&quot;:&quot;Next&quot;,&quot;step_previous_label&quot;:&quot;Previous&quot;,&quot;button_width&quot;:&quot;100&quot;,&quot;step_type&quot;:&quot;number_text&quot;,&quot;step_icon_shape&quot;:&quot;circle&quot;}\" data-widget_type=\"form.default\">\n\t\t\t\t<div class=\"elementor-widget-container\">\n\t\t\t\t\t\t\t<form class=\"elementor-form\" method=\"post\" name=\"New Form\" aria-label=\"New Form\">\n\t\t\t<input type=\"hidden\" name=\"post_id\" value=\"29563\"\/>\n\t\t\t<input type=\"hidden\" name=\"form_id\" value=\"382138e5\"\/>\n\t\t\t<input type=\"hidden\" name=\"referer_title\" value=\"Delvy\" \/>\n\n\t\t\t\n\t\t\t<div class=\"elementor-form-fields-wrapper elementor-labels-above\">\n\t\t\t\t\t\t\t\t<div class=\"elementor-field-type-text elementor-field-group elementor-column elementor-field-group-name elementor-col-100\">\n\t\t\t\t\t\t\t\t\t\t\t\t<label for=\"form-field-name\" class=\"elementor-field-label\">\n\t\t\t\t\t\t\t\tNom\t\t\t\t\t\t\t<\/label>\n\t\t\t\t\t\t\t\t\t\t\t\t\t\t<input size=\"1\" type=\"text\" name=\"form_fields[name]\" id=\"form-field-name\" class=\"elementor-field elementor-size-sm  elementor-field-textual\">\n\t\t\t\t\t\t\t\t\t\t\t<\/div>\n\t\t\t\t\t\t\t\t<div class=\"elementor-field-type-email elementor-field-group elementor-column elementor-field-group-field_1 elementor-col-100 elementor-field-required\">\n\t\t\t\t\t\t\t\t\t\t\t\t<label for=\"form-field-field_1\" class=\"elementor-field-label\">\n\t\t\t\t\t\t\t\tEmail\t\t\t\t\t\t\t<\/label>\n\t\t\t\t\t\t\t\t\t\t\t\t\t\t<input size=\"1\" type=\"email\" name=\"form_fields[field_1]\" id=\"form-field-field_1\" class=\"elementor-field elementor-size-sm  elementor-field-textual\" required=\"required\">\n\t\t\t\t\t\t\t\t\t\t\t<\/div>\n\t\t\t\t\t\t\t\t<div class=\"elementor-field-type-tel elementor-field-group elementor-column elementor-field-group-email elementor-col-100 elementor-field-required\">\n\t\t\t\t\t\t\t\t\t\t\t\t<label for=\"form-field-email\" class=\"elementor-field-label\">\n\t\t\t\t\t\t\t\tTel\u00e8fon\t\t\t\t\t\t\t<\/label>\n\t\t\t\t\t\t\t\t<input size=\"1\" type=\"tel\" name=\"form_fields[email]\" id=\"form-field-email\" class=\"elementor-field elementor-size-sm  elementor-field-textual\" required=\"required\" pattern=\"[0-9()#&amp;+*-=.]+\" title=\"Only numbers and phone characters (#, -, *, etc) are accepted.\">\n\n\t\t\t\t\t\t<\/div>\n\t\t\t\t\t\t\t\t<div class=\"elementor-field-type-textarea elementor-field-group elementor-column elementor-field-group-field_2 elementor-col-100 elementor-field-required\">\n\t\t\t\t\t\t\t\t\t\t\t\t<label for=\"form-field-field_2\" class=\"elementor-field-label\">\n\t\t\t\t\t\t\t\tMissatge\t\t\t\t\t\t\t<\/label>\n\t\t\t\t\t\t<textarea class=\"elementor-field-textual elementor-field  elementor-size-sm\" name=\"form_fields[field_2]\" id=\"form-field-field_2\" rows=\"4\" required=\"required\"><\/textarea>\t\t\t\t<\/div>\n\t\t\t\t\t\t\t\t<div class=\"elementor-field-type-acceptance elementor-field-group elementor-column elementor-field-group-field_3 elementor-col-100 elementor-field-required\">\n\t\t\t\t\t\t\t\t\t\t\t\t<label for=\"form-field-field_3\" class=\"elementor-field-label\">\n\t\t\t\t\t\t\t\tAccepto la Pol\u00edtica de Privacitat\t\t\t\t\t\t\t<\/label>\n\t\t\t\t\t\t\t\t<div class=\"elementor-field-subgroup\">\n\t\t\t<span class=\"elementor-field-option\">\n\t\t\t\t<input type=\"checkbox\" name=\"form_fields[field_3]\" id=\"form-field-field_3\" class=\"elementor-field elementor-size-sm  elementor-acceptance-field\" required=\"required\">\n\t\t\t\t<label for=\"form-field-field_3\">He llegit i accepto la <span style=\"color: #fff;\"><a style=\"color: #fff;\" href=\"https:\/\/delvy.es\/politica-privacidad\/\">Pol\u00edtica de Privacitat<\/a><\/span><\/label>\t\t\t<\/span>\n\t\t<\/div>\n\t\t\t\t\t\t<\/div>\n\t\t\t\t\t\t\t\t<div class=\"elementor-field-type-recaptcha_v3 elementor-field-group elementor-column elementor-field-group-field_6 elementor-col-100 recaptcha_v3-inline\">\n\t\t\t\t\t<div class=\"elementor-field\" id=\"form-field-field_6\"><div class=\"elementor-g-recaptcha\" data-sitekey=\"6Lc-1NUpAAAAAKYVR9X16gnz9H5a1Y_x9ua7Z9Tn\" data-type=\"v3\" data-action=\"Form\" data-badge=\"inline\" data-size=\"invisible\"><\/div><\/div>\t\t\t\t<\/div>\n\t\t\t\t\t\t\t\t<div class=\"elementor-field-group elementor-column elementor-field-type-submit elementor-col-100 e-form__buttons\">\n\t\t\t\t\t<button class=\"elementor-button elementor-size-sm\" type=\"submit\">\n\t\t\t\t\t\t<span class=\"elementor-button-content-wrapper\">\n\t\t\t\t\t\t\t\t\t\t\t\t\t\t\t<span class=\"elementor-button-icon\">\n\t\t\t\t\t\t\t\t\t<i aria-hidden=\"true\" class=\"fas fa-long-arrow-alt-right\"><\/i>\t\t\t\t\t\t\t\t\t\t\t\t\t\t\t\t\t<\/span>\n\t\t\t\t\t\t\t\t\t\t\t\t\t\t\t\t\t\t\t\t\t\t<span class=\"elementor-button-text\">Enviar<\/span>\n\t\t\t\t\t\t\t\t\t\t\t\t\t<\/span>\n\t\t\t\t\t<\/button>\n\t\t\t\t<\/div>\n\t\t\t<\/div>\n\t\t<\/form>\n\t\t\t\t\t\t<\/div>\n\t\t\t\t<\/div>\n\t\t\t\t\t<\/div>\n\t\t<\/div>\n\t\t\t\t\t<\/div>\n\t\t<\/section>\n\t\t\t\t\t<\/div>\n\t\t<\/div>\n\t\t\t\t\t<\/div>\n\t\t<\/section>\n\t\t\t\t<section class=\"elementor-section elementor-top-section elementor-element elementor-element-263e8d1a elementor-section-boxed elementor-section-height-default elementor-section-height-default\" data-id=\"263e8d1a\" data-element_type=\"section\" data-e-type=\"section\" data-settings=\"{&quot;background_background&quot;:&quot;gradient&quot;}\">\n\t\t\t\t\t\t<div class=\"elementor-container elementor-column-gap-default\">\n\t\t\t\t\t<div class=\"elementor-column elementor-col-100 elementor-top-column elementor-element elementor-element-1543614f\" data-id=\"1543614f\" data-element_type=\"column\" data-e-type=\"column\">\n\t\t\t<div class=\"elementor-widget-wrap elementor-element-populated\">\n\t\t\t\t\t\t<div class=\"elementor-element elementor-element-61706b56 elementor-widget elementor-widget-heading\" data-id=\"61706b56\" data-element_type=\"widget\" data-e-type=\"widget\" data-widget_type=\"heading.default\">\n\t\t\t\t<div class=\"elementor-widget-container\">\n\t\t\t\t\t<h3 class=\"elementor-heading-title elementor-size-default\">DPD ANDORRA<\/h3>\t\t\t\t<\/div>\n\t\t\t\t<\/div>\n\t\t\t\t\t<\/div>\n\t\t<\/div>\n\t\t\t\t\t<\/div>\n\t\t<\/section>\n\t\t\t\t<section class=\"elementor-section elementor-top-section elementor-element elementor-element-46146a52 elementor-section-boxed elementor-section-height-default elementor-section-height-default\" data-id=\"46146a52\" data-element_type=\"section\" data-e-type=\"section\">\n\t\t\t\t\t\t<div class=\"elementor-container elementor-column-gap-default\">\n\t\t\t\t\t<div class=\"elementor-column elementor-col-100 elementor-top-column elementor-element elementor-element-2c4d995a\" data-id=\"2c4d995a\" data-element_type=\"column\" data-e-type=\"column\">\n\t\t\t<div class=\"elementor-widget-wrap elementor-element-populated\">\n\t\t\t\t\t\t<div class=\"elementor-element elementor-element-1d8b54c5 elementor-widget elementor-widget-text-editor\" data-id=\"1d8b54c5\" data-element_type=\"widget\" data-e-type=\"widget\" data-widget_type=\"text-editor.default\">\n\t\t\t\t<div class=\"elementor-widget-container\">\n\t\t\t\t\t\t\t\t\t<h2>El teu Delegat de Protecci\u00f3 de dades a Andorra<\/h2><p><span style=\"font-weight: 400;\">Al nostre despatx d&#8217;advocats a Andorra som l\u00edders en l&#8217;\u00e0mbit de la protecci\u00f3 de dades i especialistes en la figura del Delegat de Protecci\u00f3 de Dades (DPO) . El nostre equip legal altament capacitat compta amb una profunda experi\u00e8ncia a assessorar empreses locals i internacionals en el compliment de les lleis de protecci\u00f3 de dades a Andorra.<\/span><\/p><p>\u00a0<\/p><p><span style=\"font-weight: 400;\">En triar-nos com el vostre soci en protecci\u00f3 de dades , podeu tenir la tranquil\u00b7litat de comptar amb un DPO a Andorra que estar\u00e0 dedicat exclusivament a garantir la seguretat i privadesa de la vostra informaci\u00f3. El nostre objectiu \u00e9s ajudar-vos a complir les normatives vigents, evitant riscos legals i protegint la confidencialitat dels vostres clients i col\u00b7laboradors.<\/span><\/p><p>\u00a0<\/p><p><span style=\"font-weight: 400;\">El nostre enfocament personalitzat ens permet adaptar les nostres estrat\u00e8gies i recomanacions a les vostres necessitats espec\u00edfiques. Realitzem una avaluaci\u00f3 exhaustiva dels riscos associats al tractament de dades al vostre negoci, identificant possibles bretxes i oferint solucions efectives per minimitzar qualsevol exposici\u00f3 .<\/span><\/p><p>\u00a0<\/p><p><span style=\"font-weight: 400;\">A m\u00e9s, ens mantenim actualitzats de manera constant amb els canvis legals en mat\u00e8ria de protecci\u00f3 de dades a Andorra, per assegurar-nos que la vostra empresa estigui sempre en compliment normatiu. Aix\u00f2 no nom\u00e9s redueix els riscos i les multes potencials, sin\u00f3 que tamb\u00e9 millora la vostra reputaci\u00f3 i genera confian\u00e7a entre els vostres clients.<\/span><\/p><p>\u00a0<\/p><p><span style=\"font-weight: 400;\">En resum, el nostre despatx d&#8217;advocats a Andorra \u00e9s el vostre aliat estrat\u00e8gic pel compliment de les lleis de protecci\u00f3 de dades. Comptem amb un equip especialitzat en la figura del DPO , disposat a oferir-vos un servei personalitzat, solucions efectives i la tranquil\u00b7litat que necessiteu per protegir el vostre negoci en un entorn digital cada vegada m\u00e9s complex.<\/span><\/p>\t\t\t\t\t\t\t\t<\/div>\n\t\t\t\t<\/div>\n\t\t\t\t\t<\/div>\n\t\t<\/div>\n\t\t\t\t\t<\/div>\n\t\t<\/section>\n\t\t\t\t<section class=\"elementor-section elementor-top-section elementor-element elementor-element-54238da5 elementor-section-boxed elementor-section-height-default elementor-section-height-default\" data-id=\"54238da5\" data-element_type=\"section\" data-e-type=\"section\" data-settings=\"{&quot;background_background&quot;:&quot;classic&quot;}\">\n\t\t\t\t\t\t<div class=\"elementor-container elementor-column-gap-default\">\n\t\t\t\t\t<div class=\"elementor-column elementor-col-50 elementor-top-column elementor-element elementor-element-6e86eade\" data-id=\"6e86eade\" data-element_type=\"column\" data-e-type=\"column\">\n\t\t\t<div class=\"elementor-widget-wrap elementor-element-populated\">\n\t\t\t\t\t\t<div class=\"elementor-element elementor-element-33b6e227 elementor-widget elementor-widget-text-editor\" data-id=\"33b6e227\" data-element_type=\"widget\" data-e-type=\"widget\" data-widget_type=\"text-editor.default\">\n\t\t\t\t<div class=\"elementor-widget-container\">\n\t\t\t\t\t\t\t\t\t<h2>On som?<\/h2>\t\t\t\t\t\t\t\t<\/div>\n\t\t\t\t<\/div>\n\t\t\t\t<div class=\"elementor-element elementor-element-5ba4245c elementor-view-default elementor-widget elementor-widget-icon\" data-id=\"5ba4245c\" data-element_type=\"widget\" data-e-type=\"widget\" data-widget_type=\"icon.default\">\n\t\t\t\t<div class=\"elementor-widget-container\">\n\t\t\t\t\t\t\t<div class=\"elementor-icon-wrapper\">\n\t\t\t<div class=\"elementor-icon\">\n\t\t\t<i aria-hidden=\"true\" class=\"fas fa-search-location\"><\/i>\t\t\t<\/div>\n\t\t<\/div>\n\t\t\t\t\t\t<\/div>\n\t\t\t\t<\/div>\n\t\t\t\t<div class=\"elementor-element elementor-element-3276dad8 elementor-widget elementor-widget-text-editor\" data-id=\"3276dad8\" data-element_type=\"widget\" data-e-type=\"widget\" data-widget_type=\"text-editor.default\">\n\t\t\t\t<div class=\"elementor-widget-container\">\n\t\t\t\t\t\t\t\t\t<h4><strong>Andorra<\/strong><\/h4><h4>C\/ Sant Salvador 10, piso 4 &#8211; 8<\/h4><h4>AD500, Andorra la Vella<\/h4><h4><span style=\"color: #800000;\"><a class=\"contact_phone\" style=\"color: #800000;\" href=\"tel:0376874846\" rel=\"nofollow noopener\">(+376) 874 846<\/a><\/span><\/h4>\t\t\t\t\t\t\t\t<\/div>\n\t\t\t\t<\/div>\n\t\t\t\t\t<\/div>\n\t\t<\/div>\n\t\t\t\t<div class=\"elementor-column elementor-col-50 elementor-top-column elementor-element elementor-element-551ca2d2\" data-id=\"551ca2d2\" data-element_type=\"column\" data-e-type=\"column\">\n\t\t\t<div class=\"elementor-widget-wrap elementor-element-populated\">\n\t\t\t\t\t\t<section class=\"elementor-section elementor-inner-section elementor-element elementor-element-196baff1 elementor-section-full_width elementor-section-height-default elementor-section-height-default\" data-id=\"196baff1\" data-element_type=\"section\" data-e-type=\"section\">\n\t\t\t\t\t\t<div class=\"elementor-container elementor-column-gap-default\">\n\t\t\t\t\t<div class=\"elementor-column elementor-col-100 elementor-inner-column elementor-element elementor-element-2e0c8333\" data-id=\"2e0c8333\" data-element_type=\"column\" data-e-type=\"column\">\n\t\t\t<div class=\"elementor-widget-wrap elementor-element-populated\">\n\t\t\t\t\t\t<div class=\"elementor-element elementor-element-7bb317c1 elementor-widget elementor-widget-google_maps\" data-id=\"7bb317c1\" data-element_type=\"widget\" data-e-type=\"widget\" data-widget_type=\"google_maps.default\">\n\t\t\t\t<div class=\"elementor-widget-container\">\n\t\t\t\t\t\t\t<div class=\"elementor-custom-embed\">\n\t\t\t<iframe loading=\"lazy\"\n\t\t\t\t\tsrc=\"https:\/\/maps.google.com\/maps?q=C%2F%20Sant%20Salvador%2010%2C%20piso%204%20-%208%2C%20AD500%2C%20Andorra%20la%20Vella&#038;t=m&#038;z=16&#038;output=embed&#038;iwloc=near\"\n\t\t\t\t\ttitle=\"C\/ Sant Salvador 10, piso 4 - 8, AD500, Andorra la Vella\"\n\t\t\t\t\taria-label=\"C\/ Sant Salvador 10, piso 4 - 8, AD500, Andorra la Vella\"\n\t\t\t><\/iframe>\n\t\t<\/div>\n\t\t\t\t\t\t<\/div>\n\t\t\t\t<\/div>\n\t\t\t\t\t<\/div>\n\t\t<\/div>\n\t\t\t\t\t<\/div>\n\t\t<\/section>\n\t\t\t\t\t<\/div>\n\t\t<\/div>\n\t\t\t\t\t<\/div>\n\t\t<\/section>\n\t\t\t\t<\/div>\n\t\t","protected":false},"excerpt":{"rendered":"<p>DELEGAT DE PROTECCI\u00d3 DE DADES A ANDORRA (DPD \/ DPO) Protecci\u00f3 de Dades: La teva tranquil\u00b7litat, la nostra especialitat Qu\u00e8 \u00e9s un Delegat de Protecci\u00f3 de Dades i per qu\u00e8 \u00e9s important per al vostre negoci? El Delegat de Protecci\u00f3 de Dades (DPO o DPD) \u00e9s clau per garantir la seguretat de la vostra empresa [&hellip;]<\/p>\n","protected":false},"author":10553,"featured_media":0,"parent":0,"menu_order":0,"comment_status":"closed","ping_status":"closed","template":"elementor_header_footer","meta":{"_acf_changed":false,"rop_custom_images_group":[],"rop_custom_messages_group":[],"rop_publish_now":"initial","rop_publish_now_accounts":[],"rop_publish_now_history":[],"rop_publish_now_status":"pending","footnotes":""},"class_list":["post-29563","page","type-page","status-publish","hentry"],"acf":[],"yoast_head":"<!-- This site is optimized with the Yoast SEO Premium plugin v25.3.1 (Yoast SEO v27.4) - https:\/\/yoast.com\/product\/yoast-seo-premium-wordpress\/ -->\n<title>Delegat de Protecci\u00f3 de Dades a Andorra (DPD\/DPO) - Delvy<\/title>\n<meta name=\"description\" content=\"Garanteix la seguretat i el compliment normatiu del teu negoci amb els serveis de Delegat de Protecci\u00f3 de Dades a Andorra.\" \/>\n<meta name=\"robots\" content=\"index, follow, max-snippet:-1, max-image-preview:large, max-video-preview:-1\" \/>\n<link rel=\"canonical\" href=\"https:\/\/delvy.es\/ca\/delegat-de-proteccio-de-dades-a-andorra\/\" \/>\n<meta property=\"og:locale\" content=\"ca_ES\" \/>\n<meta property=\"og:type\" content=\"article\" \/>\n<meta property=\"og:title\" content=\"Delegat de protecci\u00f3 de dades a Andorra (DPD\/DPO)\" \/>\n<meta property=\"og:description\" content=\"Garanteix la seguretat i el compliment normatiu del teu negoci amb els serveis de Delegat de Protecci\u00f3 de Dades a Andorra.\" \/>\n<meta property=\"og:url\" content=\"https:\/\/delvy.es\/ca\/delegat-de-proteccio-de-dades-a-andorra\/\" \/>\n<meta property=\"og:site_name\" content=\"Delvy\" \/>\n<meta property=\"article:publisher\" content=\"https:\/\/www.facebook.com\/delvyasesores\/\" \/>\n<meta property=\"article:modified_time\" content=\"2025-12-31T09:22:48+00:00\" \/>\n<meta name=\"twitter:card\" content=\"summary_large_image\" \/>\n<meta name=\"twitter:site\" content=\"@Delvy_Asesores\" \/>\n<meta name=\"twitter:label1\" content=\"Temps estimat de lectura\" \/>\n\t<meta name=\"twitter:data1\" content=\"4 minuts\" \/>\n<script type=\"application\/ld+json\" class=\"yoast-schema-graph\">{\"@context\":\"https:\\\/\\\/schema.org\",\"@graph\":[{\"@type\":\"WebPage\",\"@id\":\"https:\\\/\\\/delvy.es\\\/ca\\\/delegat-de-proteccio-de-dades-a-andorra\\\/\",\"url\":\"https:\\\/\\\/delvy.es\\\/ca\\\/delegat-de-proteccio-de-dades-a-andorra\\\/\",\"name\":\"Delegat de Protecci\u00f3 de Dades a Andorra (DPD\\\/DPO) - Delvy\",\"isPartOf\":{\"@id\":\"https:\\\/\\\/delvy.es\\\/#website\"},\"datePublished\":\"2024-04-03T07:59:07+00:00\",\"dateModified\":\"2025-12-31T09:22:48+00:00\",\"description\":\"Garanteix la seguretat i el compliment normatiu del teu negoci amb els serveis de Delegat de Protecci\u00f3 de Dades a Andorra.\",\"breadcrumb\":{\"@id\":\"https:\\\/\\\/delvy.es\\\/ca\\\/delegat-de-proteccio-de-dades-a-andorra\\\/#breadcrumb\"},\"inLanguage\":\"ca\",\"potentialAction\":[{\"@type\":\"ReadAction\",\"target\":[\"https:\\\/\\\/delvy.es\\\/ca\\\/delegat-de-proteccio-de-dades-a-andorra\\\/\"]}]},{\"@type\":\"BreadcrumbList\",\"@id\":\"https:\\\/\\\/delvy.es\\\/ca\\\/delegat-de-proteccio-de-dades-a-andorra\\\/#breadcrumb\",\"itemListElement\":[{\"@type\":\"ListItem\",\"position\":1,\"name\":\"Portada\",\"item\":\"https:\\\/\\\/delvy.es\\\/ca\\\/\"},{\"@type\":\"ListItem\",\"position\":2,\"name\":\"Delegat de protecci\u00f3 de dades a Andorra (DPD\\\/DPO)\"}]},{\"@type\":\"WebSite\",\"@id\":\"https:\\\/\\\/delvy.es\\\/#website\",\"url\":\"https:\\\/\\\/delvy.es\\\/\",\"name\":\"Delvy\",\"description\":\"Asesores Legales Delvy\",\"publisher\":{\"@id\":\"https:\\\/\\\/delvy.es\\\/#organization\"},\"potentialAction\":[{\"@type\":\"SearchAction\",\"target\":{\"@type\":\"EntryPoint\",\"urlTemplate\":\"https:\\\/\\\/delvy.es\\\/?s={search_term_string}\"},\"query-input\":{\"@type\":\"PropertyValueSpecification\",\"valueRequired\":true,\"valueName\":\"search_term_string\"}}],\"inLanguage\":\"ca\"},{\"@type\":\"Organization\",\"@id\":\"https:\\\/\\\/delvy.es\\\/#organization\",\"name\":\"Delvy\",\"url\":\"https:\\\/\\\/delvy.es\\\/\",\"logo\":{\"@type\":\"ImageObject\",\"inLanguage\":\"ca\",\"@id\":\"https:\\\/\\\/delvy.es\\\/#\\\/schema\\\/logo\\\/image\\\/\",\"url\":\"https:\\\/\\\/delvy.es\\\/wp-content\\\/uploads\\\/2023\\\/11\\\/cropped-favicon-5.png\",\"contentUrl\":\"https:\\\/\\\/delvy.es\\\/wp-content\\\/uploads\\\/2023\\\/11\\\/cropped-favicon-5.png\",\"width\":512,\"height\":512,\"caption\":\"Delvy\"},\"image\":{\"@id\":\"https:\\\/\\\/delvy.es\\\/#\\\/schema\\\/logo\\\/image\\\/\"},\"sameAs\":[\"https:\\\/\\\/www.facebook.com\\\/delvyasesores\\\/\",\"https:\\\/\\\/x.com\\\/Delvy_Asesores\"]}]}<\/script>\n<!-- \/ Yoast SEO Premium plugin. -->","yoast_head_json":{"title":"Delegat de Protecci\u00f3 de Dades a Andorra (DPD\/DPO) - Delvy","description":"Garanteix la seguretat i el compliment normatiu del teu negoci amb els serveis de Delegat de Protecci\u00f3 de Dades a Andorra.","robots":{"index":"index","follow":"follow","max-snippet":"max-snippet:-1","max-image-preview":"max-image-preview:large","max-video-preview":"max-video-preview:-1"},"canonical":"https:\/\/delvy.es\/ca\/delegat-de-proteccio-de-dades-a-andorra\/","og_locale":"ca_ES","og_type":"article","og_title":"Delegat de protecci\u00f3 de dades a Andorra (DPD\/DPO)","og_description":"Garanteix la seguretat i el compliment normatiu del teu negoci amb els serveis de Delegat de Protecci\u00f3 de Dades a Andorra.","og_url":"https:\/\/delvy.es\/ca\/delegat-de-proteccio-de-dades-a-andorra\/","og_site_name":"Delvy","article_publisher":"https:\/\/www.facebook.com\/delvyasesores\/","article_modified_time":"2025-12-31T09:22:48+00:00","twitter_card":"summary_large_image","twitter_site":"@Delvy_Asesores","twitter_misc":{"Temps estimat de lectura":"4 minuts"},"schema":{"@context":"https:\/\/schema.org","@graph":[{"@type":"WebPage","@id":"https:\/\/delvy.es\/ca\/delegat-de-proteccio-de-dades-a-andorra\/","url":"https:\/\/delvy.es\/ca\/delegat-de-proteccio-de-dades-a-andorra\/","name":"Delegat de Protecci\u00f3 de Dades a Andorra (DPD\/DPO) - Delvy","isPartOf":{"@id":"https:\/\/delvy.es\/#website"},"datePublished":"2024-04-03T07:59:07+00:00","dateModified":"2025-12-31T09:22:48+00:00","description":"Garanteix la seguretat i el compliment normatiu del teu negoci amb els serveis de Delegat de Protecci\u00f3 de Dades a Andorra.","breadcrumb":{"@id":"https:\/\/delvy.es\/ca\/delegat-de-proteccio-de-dades-a-andorra\/#breadcrumb"},"inLanguage":"ca","potentialAction":[{"@type":"ReadAction","target":["https:\/\/delvy.es\/ca\/delegat-de-proteccio-de-dades-a-andorra\/"]}]},{"@type":"BreadcrumbList","@id":"https:\/\/delvy.es\/ca\/delegat-de-proteccio-de-dades-a-andorra\/#breadcrumb","itemListElement":[{"@type":"ListItem","position":1,"name":"Portada","item":"https:\/\/delvy.es\/ca\/"},{"@type":"ListItem","position":2,"name":"Delegat de protecci\u00f3 de dades a Andorra (DPD\/DPO)"}]},{"@type":"WebSite","@id":"https:\/\/delvy.es\/#website","url":"https:\/\/delvy.es\/","name":"Delvy","description":"Asesores Legales Delvy","publisher":{"@id":"https:\/\/delvy.es\/#organization"},"potentialAction":[{"@type":"SearchAction","target":{"@type":"EntryPoint","urlTemplate":"https:\/\/delvy.es\/?s={search_term_string}"},"query-input":{"@type":"PropertyValueSpecification","valueRequired":true,"valueName":"search_term_string"}}],"inLanguage":"ca"},{"@type":"Organization","@id":"https:\/\/delvy.es\/#organization","name":"Delvy","url":"https:\/\/delvy.es\/","logo":{"@type":"ImageObject","inLanguage":"ca","@id":"https:\/\/delvy.es\/#\/schema\/logo\/image\/","url":"https:\/\/delvy.es\/wp-content\/uploads\/2023\/11\/cropped-favicon-5.png","contentUrl":"https:\/\/delvy.es\/wp-content\/uploads\/2023\/11\/cropped-favicon-5.png","width":512,"height":512,"caption":"Delvy"},"image":{"@id":"https:\/\/delvy.es\/#\/schema\/logo\/image\/"},"sameAs":["https:\/\/www.facebook.com\/delvyasesores\/","https:\/\/x.com\/Delvy_Asesores"]}]}},"_links":{"self":[{"href":"https:\/\/delvy.es\/ca\/wp-json\/wp\/v2\/pages\/29563","targetHints":{"allow":["GET"]}}],"collection":[{"href":"https:\/\/delvy.es\/ca\/wp-json\/wp\/v2\/pages"}],"about":[{"href":"https:\/\/delvy.es\/ca\/wp-json\/wp\/v2\/types\/page"}],"author":[{"embeddable":true,"href":"https:\/\/delvy.es\/ca\/wp-json\/wp\/v2\/users\/10553"}],"replies":[{"embeddable":true,"href":"https:\/\/delvy.es\/ca\/wp-json\/wp\/v2\/comments?post=29563"}],"version-history":[{"count":0,"href":"https:\/\/delvy.es\/ca\/wp-json\/wp\/v2\/pages\/29563\/revisions"}],"wp:attachment":[{"href":"https:\/\/delvy.es\/ca\/wp-json\/wp\/v2\/media?parent=29563"}],"curies":[{"name":"wp","href":"https:\/\/api.w.org\/{rel}","templated":true}]}}